{"id":4476,"date":"2024-09-30T09:13:23","date_gmt":"2024-09-30T09:13:23","guid":{"rendered":"https:\/\/www.backtoeco.com\/obrim-el-cercle-2\/"},"modified":"2024-10-11T06:56:18","modified_gmt":"2024-10-11T06:56:18","slug":"obrim-el-cercle-2","status":"publish","type":"page","link":"https:\/\/www.backtoeco.com\/ca\/obrim-el-cercle-2\/","title":{"rendered":"Obrim el Cercle"},"content":{"rendered":"\t\t<div data-elementor-type=\"wp-page\" data-elementor-id=\"4476\" class=\"elementor elementor-4476 elementor-4298\" data-elementor-post-type=\"page\">\n\t\t\t\t\t\t<section class=\"elementor-section elementor-top-section elementor-element elementor-element-5132fbcc elementor-section-boxed elementor-section-height-default elementor-section-height-default\" data-id=\"5132fbcc\" data-element_type=\"section\" data-settings=\"{&quot;background_background&quot;:&quot;classic&quot;}\">\n\t\t\t\t\t\t\t<div class=\"elementor-background-overlay\"><\/div>\n\t\t\t\t\t\t\t<div class=\"elementor-container elementor-column-gap-default\">\n\t\t\t\t\t<div class=\"elementor-column elementor-col-100 elementor-top-column elementor-element elementor-element-62e39bae\" data-id=\"62e39bae\" data-element_type=\"column\" data-settings=\"{&quot;background_background&quot;:&quot;classic&quot;}\">\n\t\t\t<div class=\"elementor-widget-wrap\">\n\t\t\t\t\t\t\t<\/div>\n\t\t<\/div>\n\t\t\t\t\t<\/div>\n\t\t<\/section>\n\t\t<div class=\"elementor-element elementor-element-3eaa316 e-flex e-con-boxed e-con e-parent\" data-id=\"3eaa316\" data-element_type=\"container\">\n\t\t\t\t\t<div class=\"e-con-inner\">\n\t\t\t\t<div class=\"elementor-element elementor-element-6b66e77 elementor-widget elementor-widget-spacer\" data-id=\"6b66e77\" data-element_type=\"widget\" data-widget_type=\"spacer.default\">\n\t\t\t\t<div class=\"elementor-widget-container\">\n\t\t\t\t\t\t\t<div class=\"elementor-spacer\">\n\t\t\t<div class=\"elementor-spacer-inner\"><\/div>\n\t\t<\/div>\n\t\t\t\t\t\t<\/div>\n\t\t\t\t<\/div>\n\t\t\t\t\t<\/div>\n\t\t\t\t<\/div>\n\t\t<div class=\"elementor-element elementor-element-38a6ed5 e-flex e-con-boxed e-con e-parent\" data-id=\"38a6ed5\" data-element_type=\"container\">\n\t\t\t\t\t<div class=\"e-con-inner\">\n\t\t<div class=\"elementor-element elementor-element-6312238 e-con-full e-flex e-con e-child\" data-id=\"6312238\" data-element_type=\"container\">\n\t\t\t\t<div class=\"elementor-element elementor-element-0a2fff9 elementor-widget elementor-widget-heading\" data-id=\"0a2fff9\" data-element_type=\"widget\" data-widget_type=\"heading.default\">\n\t\t\t\t<div class=\"elementor-widget-container\">\n\t\t\t\t\t<h2 class=\"elementor-heading-title elementor-size-default\">Obrim <\/h2>\t\t\t\t<\/div>\n\t\t\t\t<\/div>\n\t\t\t\t<\/div>\n\t\t<div class=\"elementor-element elementor-element-dbdcaf0 e-con-full e-flex e-con e-child\" data-id=\"dbdcaf0\" data-element_type=\"container\">\n\t\t\t\t<div class=\"elementor-element elementor-element-440dc5e elementor-widget elementor-widget-heading\" data-id=\"440dc5e\" data-element_type=\"widget\" data-widget_type=\"heading.default\">\n\t\t\t\t<div class=\"elementor-widget-container\">\n\t\t\t\t\t<h2 class=\"elementor-heading-title elementor-size-default\">&gt;&gt;2a Convocat\u00f2ria oberta<\/h2>\t\t\t\t<\/div>\n\t\t\t\t<\/div>\n\t\t\t\t<\/div>\n\t\t\t\t\t<\/div>\n\t\t\t\t<\/div>\n\t\t<div class=\"elementor-element elementor-element-c3d8847 e-flex e-con-boxed e-con e-parent\" data-id=\"c3d8847\" data-element_type=\"container\">\n\t\t\t\t\t<div class=\"e-con-inner\">\n\t\t<div class=\"elementor-element elementor-element-ca32fb9 e-con-full e-flex e-con e-child\" data-id=\"ca32fb9\" data-element_type=\"container\">\n\t\t\t\t<div class=\"elementor-element elementor-element-eff789c elementor-widget elementor-widget-heading\" data-id=\"eff789c\" data-element_type=\"widget\" data-widget_type=\"heading.default\">\n\t\t\t\t<div class=\"elementor-widget-container\">\n\t\t\t\t\t<h2 class=\"elementor-heading-title elementor-size-default\">el cercle<\/h2>\t\t\t\t<\/div>\n\t\t\t\t<\/div>\n\t\t\t\t<\/div>\n\t\t<div class=\"elementor-element elementor-element-126c5ca e-con-full e-flex e-con e-child\" data-id=\"126c5ca\" data-element_type=\"container\">\n\t\t\t\t<\/div>\n\t\t\t\t\t<\/div>\n\t\t\t\t<\/div>\n\t\t<div class=\"elementor-element elementor-element-b91ea8b e-flex e-con-boxed e-con e-parent\" data-id=\"b91ea8b\" data-element_type=\"container\">\n\t\t\t\t\t<div class=\"e-con-inner\">\n\t\t\t\t<div class=\"elementor-element elementor-element-66028ab elementor-widget-divider--view-line elementor-widget elementor-widget-divider\" data-id=\"66028ab\" data-element_type=\"widget\" data-widget_type=\"divider.default\">\n\t\t\t\t<div class=\"elementor-widget-container\">\n\t\t\t\t\t\t\t<div class=\"elementor-divider\">\n\t\t\t<span class=\"elementor-divider-separator\">\n\t\t\t\t\t\t<\/span>\n\t\t<\/div>\n\t\t\t\t\t\t<\/div>\n\t\t\t\t<\/div>\n\t\t\t\t\t<\/div>\n\t\t\t\t<\/div>\n\t\t\t\t<section class=\"elementor-section elementor-top-section elementor-element elementor-element-6f21fdfa elementor-section-boxed elementor-section-height-default elementor-section-height-default\" data-id=\"6f21fdfa\" data-element_type=\"section\">\n\t\t\t\t\t\t<div class=\"elementor-container elementor-column-gap-default\">\n\t\t\t\t\t<div class=\"elementor-column elementor-col-100 elementor-top-column elementor-element elementor-element-77904259\" data-id=\"77904259\" data-element_type=\"column\">\n\t\t\t<div class=\"elementor-widget-wrap elementor-element-populated\">\n\t\t\t\t\t\t<div class=\"elementor-element elementor-element-30fdd4b5 elementor-widget__width-initial elementor-widget elementor-widget-heading\" data-id=\"30fdd4b5\" data-element_type=\"widget\" data-widget_type=\"heading.default\">\n\t\t\t\t<div class=\"elementor-widget-container\">\n\t\t\t\t\t<h4 class=\"elementor-heading-title elementor-size-default\">Laboratori d'experimentaci\u00f3 i creaci\u00f3 col\u00b7laborativa <br>de projectes innovadors entorn de la circularitat t\u00e8xtil<\/h4>\t\t\t\t<\/div>\n\t\t\t\t<\/div>\n\t\t\t\t\t<\/div>\n\t\t<\/div>\n\t\t\t\t\t<\/div>\n\t\t<\/section>\n\t\t<div class=\"elementor-element elementor-element-fcc39fa e-flex e-con-boxed e-con e-parent\" data-id=\"fcc39fa\" data-element_type=\"container\">\n\t\t\t\t\t<div class=\"e-con-inner\">\n\t\t\t\t<div class=\"elementor-element elementor-element-5197656 elementor-widget-divider--view-line elementor-widget elementor-widget-divider\" data-id=\"5197656\" data-element_type=\"widget\" data-widget_type=\"divider.default\">\n\t\t\t\t<div class=\"elementor-widget-container\">\n\t\t\t\t\t\t\t<div class=\"elementor-divider\">\n\t\t\t<span class=\"elementor-divider-separator\">\n\t\t\t\t\t\t<\/span>\n\t\t<\/div>\n\t\t\t\t\t\t<\/div>\n\t\t\t\t<\/div>\n\t\t\t\t\t<\/div>\n\t\t\t\t<\/div>\n\t\t<div class=\"elementor-element elementor-element-90de8f0 e-flex e-con-boxed e-con e-parent\" data-id=\"90de8f0\" data-element_type=\"container\">\n\t\t\t\t\t<div class=\"e-con-inner\">\n\t\t<div class=\"elementor-element elementor-element-711a431 e-con-full e-flex e-con e-child\" data-id=\"711a431\" data-element_type=\"container\">\n\t\t\t\t<div class=\"elementor-element elementor-element-6c11a03 elementor-widget elementor-widget-text-editor\" data-id=\"6c11a03\" data-element_type=\"widget\" data-widget_type=\"text-editor.default\">\n\t\t\t\t<div class=\"elementor-widget-container\">\n\t\t\t\t\t\t\t\t\t<h2><span style=\"background-color: rgba(0, 0, 0, 0); font-size: 1rem; caret-color: #363636; color: #363636;\"> <\/span><strong><span style=\"background-color: rgba(0, 0, 0, 0); color: #e09326; font-family: var( --e-global-typography-primary-font-family ), Sans-serif; font-size: 2rem;\"><span style=\"color: #e09326; font-family: var( --e-global-typography-primary-font-family ), Sans-serif;\"><span style=\"font-size: 2rem;\">Formulari de inscripci\u00f3 per a colaboradorxs <\/span><\/span><\/span><\/strong><a href=\"https:\/\/forms.gle\/RjyQGAVFUf59Vu9v5\"><b style=\"background-color: #ffffff; font-family: var( --e-global-typography-primary-font-family ), Sans-serif; font-size: 2rem;\">aqu\u00ed<\/b><\/a><\/h2>\n<div style=\"color: #1106c6;\">\n<div> <\/div>\n<div><span style=\"color: #000000;\">\u00a1T&#8217;animem a participar en un dels projectes guanyadors! Pots fer-ho a trav\u00e9s d&#8217;aquest formulari<a href=\"https:\/\/forms.gle\/RjyQGAVFUf59Vu9v5\"><strong>formulari, <\/strong><\/a>  <\/span><span style=\"color: #000000;\">pots triar fins a dos i segons la disponibilitat es far\u00e0 l&#8217;assignaci\u00f3 final.<\/span><\/div>\n<div> <\/div>\n<div><span style=\"color: #000000;\">M\u00e9s a baix trobar\u00e0s tots els projectes seleccionats. Consulta totes les dates i horaris del LAB. <\/span><\/div>\n<div> <\/div>\n<div>Si tens qualsevol dubte pots escriure&#8217;ns a<span style=\"background-color: rgba(0, 0, 0, 0); color: #363636; font-size: 1.25rem; caret-color: #363636; font-family: var( --e-global-typography-text-font-family ), Sans-serif; font-weight: var( --e-global-typography-text-font-weight );\"> info@backtoeco.com<\/span><\/div>\n<\/div>\n<div> <\/div>\n<div> <\/div>\n\t\t\t\t\t\t\t\t<\/div>\n\t\t\t\t<\/div>\n\t\t\t\t<\/div>\n\t\t<div class=\"elementor-element elementor-element-b675168 e-con-full e-flex e-con e-child\" data-id=\"b675168\" data-element_type=\"container\">\n\t\t\t\t<div class=\"elementor-element elementor-element-fe409b5 elementor-widget elementor-widget-text-editor\" data-id=\"fe409b5\" data-element_type=\"widget\" data-widget_type=\"text-editor.default\">\n\t\t\t\t<div class=\"elementor-widget-container\">\n\t\t\t\t\t\t\t\t\t<p style=\"text-align: right;\">&lt;&lt;&lt; CONVOCAT\u00d2RIA PER A COLABORADORXS <\/p>\n\t\t\t\t\t\t\t\t<\/div>\n\t\t\t\t<\/div>\n\t\t\t\t<\/div>\n\t\t\t\t\t<\/div>\n\t\t\t\t<\/div>\n\t\t<div class=\"elementor-element elementor-element-0f7baa0 e-flex e-con-boxed e-con e-parent\" data-id=\"0f7baa0\" data-element_type=\"container\">\n\t\t\t\t\t<div class=\"e-con-inner\">\n\t\t\t\t<div class=\"elementor-element elementor-element-05625d9 elementor-widget-divider--view-line elementor-widget elementor-widget-divider\" data-id=\"05625d9\" data-element_type=\"widget\" data-widget_type=\"divider.default\">\n\t\t\t\t<div class=\"elementor-widget-container\">\n\t\t\t\t\t\t\t<div class=\"elementor-divider\">\n\t\t\t<span class=\"elementor-divider-separator\">\n\t\t\t\t\t\t<\/span>\n\t\t<\/div>\n\t\t\t\t\t\t<\/div>\n\t\t\t\t<\/div>\n\t\t\t\t\t<\/div>\n\t\t\t\t<\/div>\n\t\t<div class=\"elementor-element elementor-element-e0a448d e-flex e-con-boxed e-con e-parent\" data-id=\"e0a448d\" data-element_type=\"container\">\n\t\t\t\t\t<div class=\"e-con-inner\">\n\t\t\t\t<div class=\"elementor-element elementor-element-614ac2a elementor-widget elementor-widget-heading\" data-id=\"614ac2a\" data-element_type=\"widget\" data-widget_type=\"heading.default\">\n\t\t\t\t<div class=\"elementor-widget-container\">\n\t\t\t\t\t<h2 class=\"elementor-heading-title elementor-size-default\">CONTEXT LAB<\/h2>\t\t\t\t<\/div>\n\t\t\t\t<\/div>\n\t\t\t\t\t<\/div>\n\t\t\t\t<\/div>\n\t\t<div class=\"elementor-element elementor-element-f8574fc e-flex e-con-boxed e-con e-parent\" data-id=\"f8574fc\" data-element_type=\"container\">\n\t\t\t\t\t<div class=\"e-con-inner\">\n\t\t<div class=\"elementor-element elementor-element-49da0ae e-con-full e-flex e-con e-child\" data-id=\"49da0ae\" data-element_type=\"container\">\n\t\t<div class=\"elementor-element elementor-element-2c9ffb7 e-con-full e-flex e-con e-child\" data-id=\"2c9ffb7\" data-element_type=\"container\">\n\t\t\t\t<div class=\"elementor-element elementor-element-3fcc803 elementor-widget elementor-widget-image\" data-id=\"3fcc803\" data-element_type=\"widget\" data-widget_type=\"image.default\">\n\t\t\t\t<div class=\"elementor-widget-container\">\n\t\t\t\t\t\t\t\t\t\t\t\t\t\t\t<img fetchpriority=\"high\" decoding=\"async\" width=\"540\" height=\"1080\" src=\"https:\/\/i0.wp.com\/www.backtoeco.com\/wp-content\/uploads\/2024\/06\/2-1-jpg.webp?fit=540%2C1080&amp;ssl=1\" class=\"attachment-1536x1536 size-1536x1536 wp-image-4003\" alt=\"\" \/>\t\t\t\t\t\t\t\t\t\t\t\t\t\t\t<\/div>\n\t\t\t\t<\/div>\n\t\t\t\t<\/div>\n\t\t\t\t<\/div>\n\t\t<div class=\"elementor-element elementor-element-39c16d7 e-con-full e-flex e-con e-child\" data-id=\"39c16d7\" data-element_type=\"container\">\n\t\t\t\t<div class=\"elementor-element elementor-element-56175a2 elementor-widget elementor-widget-text-editor\" data-id=\"56175a2\" data-element_type=\"widget\" data-widget_type=\"text-editor.default\">\n\t\t\t\t<div class=\"elementor-widget-container\">\n\t\t\t\t\t\t\t\t\t<p>\/ La present convocat\u00f2ria s&#8217;emmarca dins del model de <strong>laboratoris ciutadans; <\/strong>espais que faciliten la <strong>col\u00b7laboraci\u00f3 entre persones per a experimentar, dissenyar i implementar projectes<\/strong> que millorin la vida a la ciutat\/<\/p>\n<p>\/ Los proyectos incluyen como objetivo espec\u00edfico el <strong>impulsar nuevas formas de relacionarnos con el textil y el vestir que sean m\u00e1s sostenibles<\/strong>\/<\/p>\n<p>\/ Els projectes <strong>es desenvoluparan de manera col\u00b7lectiva durant un cap de setmana<\/strong> <strong>presencial<\/strong> en l&#8217;espai de <strong>Back To Eco <\/strong> a Barcelona, i de manera telem\u00e0tica durant un mes depenent del tipus de projecte (vegeu dates m\u00e9s a baix)\/<\/p>\n<p>\/ Los proyectos permitir\u00e1n <strong>conectar la circularidad textil con otras disciplinas, con nuevos c\u00edrculos de trabajo. <\/strong>Se proponen con una visi\u00f3n abierta las siguientes disciplinas: <span style=\"color: #e09326;\"><strong>el relato gr\u00e1fico, la escritura, la perfomance, los audiovisuales y la salud<\/strong>\/<\/span><\/p>\n<p>\/ No es defineix un format concret, <strong>no existeix una tipologia espec\u00edfica<\/strong> d&#8217;aplicaci\u00f3 d&#8217;aquestes disciplines m\u00e9s enll\u00e0 de les especificades en les bases de la convocat\u00f2ria\/<\/p>\n<p>\/ Es contempla la <strong>circularitat en la seva versi\u00f3 m\u00e9s \u00e0mplia: <\/strong> voler m\u00e9s la nostra roba, buscar la seva durabilitat, repensar la seva reciclabilitat, investigar noves formes de NO consum, recon\u00e8ixer el seu valor a trav\u00e9s de l&#8217;art, connectar amb la seva part m\u00e9s sensitiva, buscar el col\u00b7lectiu a trav\u00e9s del t\u00e8xtil.\/<\/p>\n\t\t\t\t\t\t\t\t<\/div>\n\t\t\t\t<\/div>\n\t\t\t\t<\/div>\n\t\t\t\t\t<\/div>\n\t\t\t\t<\/div>\n\t\t<div class=\"elementor-element elementor-element-c22bd7b e-flex e-con-boxed e-con e-parent\" data-id=\"c22bd7b\" data-element_type=\"container\">\n\t\t\t\t\t<div class=\"e-con-inner\">\n\t\t\t\t<div class=\"elementor-element elementor-element-b88bd40 elementor-widget-divider--view-line elementor-widget elementor-widget-divider\" data-id=\"b88bd40\" data-element_type=\"widget\" data-widget_type=\"divider.default\">\n\t\t\t\t<div class=\"elementor-widget-container\">\n\t\t\t\t\t\t\t<div class=\"elementor-divider\">\n\t\t\t<span class=\"elementor-divider-separator\">\n\t\t\t\t\t\t<\/span>\n\t\t<\/div>\n\t\t\t\t\t\t<\/div>\n\t\t\t\t<\/div>\n\t\t\t\t\t<\/div>\n\t\t\t\t<\/div>\n\t\t<div class=\"elementor-element elementor-element-2e770d5 e-grid e-con-boxed e-con e-parent\" data-id=\"2e770d5\" data-element_type=\"container\">\n\t\t\t\t\t<div class=\"e-con-inner\">\n\t\t\t\t<div class=\"elementor-element elementor-element-07dde92 elementor-widget elementor-widget-text-editor\" data-id=\"07dde92\" data-element_type=\"widget\" data-widget_type=\"text-editor.default\">\n\t\t\t\t<div class=\"elementor-widget-container\">\n\t\t\t\t\t\t\t\t\t<p><span style=\"color: var(--ast-global-color-2); font-family: var(--e-global-typography-primary-font-family),Sans-serif; font-size: 2.5rem; font-weight: 600; text-align: var(--text-align);\"> <\/span><\/p>\n<p><span style=\"font-family: var( --e-global-typography-primary-font-family ), Sans-serif; font-size: var( --e-global-typography-primary-font-size ); font-weight: var( --e-global-typography-primary-font-weight ); text-align: var(--text-align);\">TEM\u00c0TIQUES<\/span><\/p>\n<p><span style=\"font-family: var( --e-global-typography-primary-font-family ), Sans-serif; font-size: var( --e-global-typography-primary-font-size ); font-weight: var( --e-global-typography-primary-font-weight ); text-align: var(--text-align);\"> LAB<\/span><\/p>\n<p><span style=\"color: #000000; font-family: var(--e-global-typography-primary-font-family),Sans-serif; font-size: 2.5rem; font-weight: 600; text-align: var(--text-align); font-style: inherit;\">5 DISCIPLINES DES D&#8217;ON REPENSAR LA CIRCULARITAT T\u00c8XTIL<\/span><\/p>\n<div> <\/div>\n\t\t\t\t\t\t\t\t<\/div>\n\t\t\t\t<\/div>\n\t\t\t\t<div class=\"elementor-element elementor-element-4992dcc elementor-widget elementor-widget-text-editor\" data-id=\"4992dcc\" data-element_type=\"widget\" data-widget_type=\"text-editor.default\">\n\t\t\t\t<div class=\"elementor-widget-container\">\n\t\t\t\t\t\t\t\t\t<h1>1 ESCRIPTURA \/ <\/h1>\n<h1>2 RELAT GR\u00c0FIC \/ <\/h1>\n<h1>3 ARTS PERFORMATIVES \/<\/h1>\n<h1>4 AUDIOVISUALS \/ <\/h1>\n<h1>5 SALUT \/ <\/h1>\n\t\t\t\t\t\t\t\t<\/div>\n\t\t\t\t<\/div>\n\t\t\t\t\t<\/div>\n\t\t\t\t<\/div>\n\t\t<div class=\"elementor-element elementor-element-b2a6ff9 e-flex e-con-boxed e-con e-parent\" data-id=\"b2a6ff9\" data-element_type=\"container\">\n\t\t\t\t\t<div class=\"e-con-inner\">\n\t\t\t\t<div class=\"elementor-element elementor-element-9b0d76a elementor-widget-divider--view-line elementor-widget elementor-widget-divider\" data-id=\"9b0d76a\" data-element_type=\"widget\" data-widget_type=\"divider.default\">\n\t\t\t\t<div class=\"elementor-widget-container\">\n\t\t\t\t\t\t\t<div class=\"elementor-divider\">\n\t\t\t<span class=\"elementor-divider-separator\">\n\t\t\t\t\t\t<\/span>\n\t\t<\/div>\n\t\t\t\t\t\t<\/div>\n\t\t\t\t<\/div>\n\t\t\t\t\t<\/div>\n\t\t\t\t<\/div>\n\t\t<div class=\"elementor-element elementor-element-94b0ed0 e-flex e-con-boxed e-con e-parent\" data-id=\"94b0ed0\" data-element_type=\"container\">\n\t\t\t\t\t<div class=\"e-con-inner\">\n\t\t\t\t<div class=\"elementor-element elementor-element-f2710be elementor-widget elementor-widget-heading\" data-id=\"f2710be\" data-element_type=\"widget\" data-widget_type=\"heading.default\">\n\t\t\t\t<div class=\"elementor-widget-container\">\n\t\t\t\t\t<h2 class=\"elementor-heading-title elementor-size-default\">PROJECTES SELECCIONATS<\/h2>\t\t\t\t<\/div>\n\t\t\t\t<\/div>\n\t\t\t\t\t<\/div>\n\t\t\t\t<\/div>\n\t\t<div class=\"elementor-element elementor-element-77496d6 e-flex e-con-boxed e-con e-parent\" data-id=\"77496d6\" data-element_type=\"container\">\n\t\t\t\t\t<div class=\"e-con-inner\">\n\t\t<div class=\"elementor-element elementor-element-67924ec e-con-full e-flex e-con e-child\" data-id=\"67924ec\" data-element_type=\"container\">\n\t\t\t\t<div class=\"elementor-element elementor-element-bd2d71d elementor-widget elementor-widget-image\" data-id=\"bd2d71d\" data-element_type=\"widget\" data-widget_type=\"image.default\">\n\t\t\t\t<div class=\"elementor-widget-container\">\n\t\t\t\t\t\t\t\t\t\t\t\t\t\t\t<img decoding=\"async\" width=\"1024\" height=\"1024\" src=\"https:\/\/i0.wp.com\/www.backtoeco.com\/wp-content\/uploads\/2024\/09\/reconfiguraciones_Natalia-Vidal-2-scaled.webp?fit=1024%2C1024&amp;ssl=1\" class=\"attachment-large size-large wp-image-4303\" alt=\"\" srcset=\"https:\/\/i0.wp.com\/www.backtoeco.com\/wp-content\/uploads\/2024\/09\/reconfiguraciones_Natalia-Vidal-2-scaled.webp?w=2560&amp;ssl=1 2560w, https:\/\/i0.wp.com\/www.backtoeco.com\/wp-content\/uploads\/2024\/09\/reconfiguraciones_Natalia-Vidal-2-scaled.webp?resize=300%2C300&amp;ssl=1 300w, https:\/\/i0.wp.com\/www.backtoeco.com\/wp-content\/uploads\/2024\/09\/reconfiguraciones_Natalia-Vidal-2-scaled.webp?resize=1024%2C1024&amp;ssl=1 1024w, https:\/\/i0.wp.com\/www.backtoeco.com\/wp-content\/uploads\/2024\/09\/reconfiguraciones_Natalia-Vidal-2-scaled.webp?resize=150%2C150&amp;ssl=1 150w, https:\/\/i0.wp.com\/www.backtoeco.com\/wp-content\/uploads\/2024\/09\/reconfiguraciones_Natalia-Vidal-2-scaled.webp?resize=768%2C768&amp;ssl=1 768w, https:\/\/i0.wp.com\/www.backtoeco.com\/wp-content\/uploads\/2024\/09\/reconfiguraciones_Natalia-Vidal-2-scaled.webp?resize=1536%2C1536&amp;ssl=1 1536w, https:\/\/i0.wp.com\/www.backtoeco.com\/wp-content\/uploads\/2024\/09\/reconfiguraciones_Natalia-Vidal-2-scaled.webp?resize=2048%2C2048&amp;ssl=1 2048w\" sizes=\"(max-width: 1000px) 100vw, 1000px\" \/>\t\t\t\t\t\t\t\t\t\t\t\t\t\t\t<\/div>\n\t\t\t\t<\/div>\n\t\t\t\t<\/div>\n\t\t<div class=\"elementor-element elementor-element-62d30b2 e-con-full e-flex e-con e-child\" data-id=\"62d30b2\" data-element_type=\"container\">\n\t\t\t\t<div class=\"elementor-element elementor-element-60b45d2 elementor-widget__width-initial elementor-widget elementor-widget-text-editor\" data-id=\"60b45d2\" data-element_type=\"widget\" data-widget_type=\"text-editor.default\">\n\t\t\t\t<div class=\"elementor-widget-container\">\n\t\t\t\t\t\t\t\t\t<h4><span style=\"color: #e09326;\">\/\/Reconfiguracions T\u00e8xtils: Alterar, Desfer i Transformar\/\/<\/span><\/h4>\n<p dir=\"ltr\">Natalia Vidal \u00e9s artista pl\u00e0stica i amb el seu projecte pret\u00e9n comen\u00e7ar a desenvolupar i refinar els conceptes de &#8220;alterar&#8221;, &#8220;desfer&#8221; i &#8220;transformar&#8221;, investigant les seves aplicacions en l&#8217;\u00e0mbit t\u00e8xtil.<\/p>\n<p>El projecte es basa en l&#8217;exploraci\u00f3 i transformaci\u00f3 de materials quotidians i no convencionals mitjan\u00e7ant t\u00e8cniques t\u00e8xtils, utilitzant el tap\u00eds i experimentaci\u00f3 volum\u00e8trica. La proposta t\u00e9 com a objectiu final crear peces visuals i texturades que permetin a l&#8217;espectador experimentar una nova dimensi\u00f3 sensorial del t\u00e8xtil, combinant t\u00e8cniques tradicionals amb materials inusuals i processos d&#8217;experimentaci\u00f3 creativa. <\/p>\n<p dir=\"ltr\">Perfil de col\u00b7laboradorxs: artistes t\u00e8xtils, persones amb experi\u00e8ncia en biomaterials. <\/p>\n\t\t\t\t\t\t\t\t<\/div>\n\t\t\t\t<\/div>\n\t\t\t\t<\/div>\n\t\t\t\t\t<\/div>\n\t\t\t\t<\/div>\n\t\t<div class=\"elementor-element elementor-element-b02dc47 e-flex e-con-boxed e-con e-parent\" data-id=\"b02dc47\" data-element_type=\"container\">\n\t\t\t\t\t<div class=\"e-con-inner\">\n\t\t<div class=\"elementor-element elementor-element-5f96698 e-con-full e-flex e-con e-child\" data-id=\"5f96698\" data-element_type=\"container\">\n\t\t\t\t<div class=\"elementor-element elementor-element-751f718 elementor-widget elementor-widget-image\" data-id=\"751f718\" data-element_type=\"widget\" data-widget_type=\"image.default\">\n\t\t\t\t<div class=\"elementor-widget-container\">\n\t\t\t\t\t\t\t\t\t\t\t\t\t\t\t<img decoding=\"async\" width=\"1024\" height=\"1024\" src=\"https:\/\/i0.wp.com\/www.backtoeco.com\/wp-content\/uploads\/2024\/09\/estimada_katia_Elisenda-Sola-Niubo-1-jpg.webp?fit=1024%2C1024&amp;ssl=1\" class=\"attachment-large size-large wp-image-4400\" alt=\"\" \/>\t\t\t\t\t\t\t\t\t\t\t\t\t\t\t<\/div>\n\t\t\t\t<\/div>\n\t\t\t\t<\/div>\n\t\t<div class=\"elementor-element elementor-element-eb8aca8 e-con-full e-flex e-con e-child\" data-id=\"eb8aca8\" data-element_type=\"container\">\n\t\t\t\t<div class=\"elementor-element elementor-element-622195e elementor-widget__width-initial elementor-widget elementor-widget-text-editor\" data-id=\"622195e\" data-element_type=\"widget\" data-widget_type=\"text-editor.default\">\n\t\t\t\t<div class=\"elementor-widget-container\">\n\t\t\t\t\t\t\t\t\t<h4><span style=\"color: #617eba;\">\/\/Estimada Katia, t\u2019escric des del futur \/\/<span class=\"gmail-Apple-converted-space\"> <\/span><\/span><\/h4>\n<p><span style=\"font-weight: 400;\">Elisenda Sol\u00e0-Niub\u00f3 \u00e9s una artista que porta anys treballant en el m\u00f3n de la sostenibilitat. Amb aquest projecte proposa experimentar amb l&#8217;especulaci\u00f3 futurista orientada en el m\u00f3n t\u00e8xtil.  <\/span><\/p>\n<p><span style=\"font-weight: 400;\">Els humans som animals relacionals que necessitem comunicar-nos constantment. Per comprendre la realitat ho fem essencialment a base d\u2019hist\u00f2ries. Aquestes hist\u00f2ries contenen imatges mentals que acaben inspirant tot all\u00f2 que creiem i creem en el m\u00f3n real.  <\/span><\/p>\n<p><span style=\"font-weight: 400;\">Ens proposa experimentar amb l\u2019especulaci\u00f3 futurista orientada per inventar situacions quotidianes de ficci\u00f3, en les quals la nostra relaci\u00f3 amb la roba \u00e9s sana, responsable, sostenible, justa, alegre i lliure de prejudicis est\u00e8tics i socials.<\/span><\/p>\n<p>Perfil de col\u00b7laboradorxs: persones als qui els agradi escriure, imaginar hist\u00f2ries, situacions, personatges amb ganes de fer collage o dibuixar. <\/p>\n\t\t\t\t\t\t\t\t<\/div>\n\t\t\t\t<\/div>\n\t\t\t\t<\/div>\n\t\t\t\t\t<\/div>\n\t\t\t\t<\/div>\n\t\t<div class=\"elementor-element elementor-element-62e8379 e-flex e-con-boxed e-con e-parent\" data-id=\"62e8379\" data-element_type=\"container\">\n\t\t\t\t\t<div class=\"e-con-inner\">\n\t\t<div class=\"elementor-element elementor-element-379f8be e-con-full e-flex e-con e-child\" data-id=\"379f8be\" data-element_type=\"container\">\n\t\t\t\t<div class=\"elementor-element elementor-element-005a0db elementor-widget elementor-widget-image\" data-id=\"005a0db\" data-element_type=\"widget\" data-widget_type=\"image.default\">\n\t\t\t\t<div class=\"elementor-widget-container\">\n\t\t\t\t\t\t\t\t\t\t\t\t\t\t\t<img loading=\"lazy\" decoding=\"async\" width=\"1024\" height=\"1024\" src=\"https:\/\/i0.wp.com\/www.backtoeco.com\/wp-content\/uploads\/2024\/09\/Historia-de-un-ajuar-comun-_Irene-Moreno-de-la-Cita-jpg.webp?fit=1024%2C1024&amp;ssl=1\" class=\"attachment-large size-large wp-image-4427\" alt=\"\" \/>\t\t\t\t\t\t\t\t\t\t\t\t\t\t\t<\/div>\n\t\t\t\t<\/div>\n\t\t\t\t<\/div>\n\t\t<div class=\"elementor-element elementor-element-7d99788 e-con-full e-flex e-con e-child\" data-id=\"7d99788\" data-element_type=\"container\">\n\t\t\t\t<div class=\"elementor-element elementor-element-9b35059 elementor-widget__width-initial elementor-widget elementor-widget-text-editor\" data-id=\"9b35059\" data-element_type=\"widget\" data-widget_type=\"text-editor.default\">\n\t\t\t\t<div class=\"elementor-widget-container\">\n\t\t\t\t\t\t\t\t\t<h4><span style=\"color: #e09326;\">\/\/Historia de un ajuar com\u00fan\/\/<\/span><\/h4>\n<p>Irene Moreno de la Cita proposa a elaborar la hist\u00f2ria d&#8217;un aixovar. Un aixovar \u00e9s una col\u00b7lecci\u00f3 d&#8217;estris d&#8217;\u00fas com\u00fa a les cases. S\u00f3n robes, normalment personalitzades amb noms propis i sanefes ornamentals.  <\/p>\n<p>Entorn d&#8217;un berenar ens convida a compartir peces del nostre aixovar particular i parlar sobre el seu origen. A partir d&#8217;aqu\u00ed, es plantejar\u00e0 de qu\u00e8 es compondria un aixovar com\u00fa. Resamplearemos aquests draps: tallant, recosint, tapant els antics dibuixos; els resignificarem. Quines paraules, en comptes de noms propis contindria? Com a resultat de les converses entorn de la taula sortir\u00e0 el relat d&#8217;una pertinen\u00e7a comuna.    <\/p>\n<p>Perfil de colaboradorxs: Un grup intergeneracional mixt que tingui curiositat per les arts t\u00e8xtils i vulgui compartir taula debatent sobre el concepte d&#8217;aixovar i la seva evoluci\u00f3. <\/p>\n\t\t\t\t\t\t\t\t<\/div>\n\t\t\t\t<\/div>\n\t\t\t\t<\/div>\n\t\t\t\t\t<\/div>\n\t\t\t\t<\/div>\n\t\t<div class=\"elementor-element elementor-element-80e6454 e-flex e-con-boxed e-con e-parent\" data-id=\"80e6454\" data-element_type=\"container\">\n\t\t\t\t\t<div class=\"e-con-inner\">\n\t\t<div class=\"elementor-element elementor-element-6a87adb e-con-full e-flex e-con e-child\" data-id=\"6a87adb\" data-element_type=\"container\">\n\t\t\t\t<div class=\"elementor-element elementor-element-ba5dc8d elementor-widget elementor-widget-image\" data-id=\"ba5dc8d\" data-element_type=\"widget\" data-widget_type=\"image.default\">\n\t\t\t\t<div class=\"elementor-widget-container\">\n\t\t\t\t\t\t\t\t\t\t\t\t\t\t\t<img loading=\"lazy\" decoding=\"async\" width=\"1024\" height=\"1024\" src=\"https:\/\/i0.wp.com\/www.backtoeco.com\/wp-content\/uploads\/2024\/09\/Nudos-que-hablan-Rosa-Rosa-Artdesign-jpg.webp?fit=1024%2C1024&amp;ssl=1\" class=\"attachment-large size-large wp-image-4300\" alt=\"\" \/>\t\t\t\t\t\t\t\t\t\t\t\t\t\t\t<\/div>\n\t\t\t\t<\/div>\n\t\t\t\t<\/div>\n\t\t<div class=\"elementor-element elementor-element-8be5af7 e-con-full e-flex e-con e-child\" data-id=\"8be5af7\" data-element_type=\"container\">\n\t\t\t\t<div class=\"elementor-element elementor-element-dfc4d05 elementor-widget__width-initial elementor-widget elementor-widget-text-editor\" data-id=\"dfc4d05\" data-element_type=\"widget\" data-widget_type=\"text-editor.default\">\n\t\t\t\t<div class=\"elementor-widget-container\">\n\t\t\t\t\t\t\t\t\t<h4><span style=\"color: #617eba;\">\/\/Nusos que parlen \/\/<\/span><\/h4>\n<p>Rosa, dissenyadora multidisciplin\u00e0ria i artista, porta el projecte \u201cNus que Parlen\u201d, un relat t\u00e8xtil, que pren de protagonista a \u201cEls Quipus\u201d, usats com a emmagatzematge de relats Inca. Els quipus i la selecci\u00f3 de peces valuoses, donen vida a aquest relat, on hi ha nusos que parlen de diferents emocions i nusos produ\u00efts en la gola en recordar escenes des de la seva infantesa, que ara li serveixen per a transformar. <\/p>\n<p>Ens proposa, realitzar els nusos amb t\u00e8xtils reciclats i, un de biomaterials, simbolitzant una abra\u00e7ada de ci\u00e8ncia i art, que cuida.<\/p>\n<p>Perfil de colaboradorxs: Costureras, artistas textiles, personas con experiencia en biomateriales <\/p>\n\t\t\t\t\t\t\t\t<\/div>\n\t\t\t\t<\/div>\n\t\t\t\t<\/div>\n\t\t\t\t\t<\/div>\n\t\t\t\t<\/div>\n\t\t<div class=\"elementor-element elementor-element-14e63a0 e-flex e-con-boxed e-con e-parent\" data-id=\"14e63a0\" data-element_type=\"container\">\n\t\t\t\t\t<div class=\"e-con-inner\">\n\t\t<div class=\"elementor-element elementor-element-7920d0f e-con-full e-flex e-con e-child\" data-id=\"7920d0f\" data-element_type=\"container\">\n\t\t\t\t<div class=\"elementor-element elementor-element-94eae87 elementor-widget elementor-widget-image\" data-id=\"94eae87\" data-element_type=\"widget\" data-widget_type=\"image.default\">\n\t\t\t\t<div class=\"elementor-widget-container\">\n\t\t\t\t\t\t\t\t\t\t\t\t\t\t\t<img loading=\"lazy\" decoding=\"async\" width=\"1024\" height=\"1024\" src=\"https:\/\/i0.wp.com\/www.backtoeco.com\/wp-content\/uploads\/2024\/10\/photo-output-2-jpeg.webp?fit=1024%2C1024&amp;ssl=1\" class=\"attachment-large size-large wp-image-4553\" alt=\"\" \/>\t\t\t\t\t\t\t\t\t\t\t\t\t\t\t<\/div>\n\t\t\t\t<\/div>\n\t\t\t\t<\/div>\n\t\t<div class=\"elementor-element elementor-element-38b4445 e-con-full e-flex e-con e-child\" data-id=\"38b4445\" data-element_type=\"container\">\n\t\t\t\t<div class=\"elementor-element elementor-element-a81562f elementor-widget__width-initial elementor-widget elementor-widget-text-editor\" data-id=\"a81562f\" data-element_type=\"widget\" data-widget_type=\"text-editor.default\">\n\t\t\t\t<div class=\"elementor-widget-container\">\n\t\t\t\t\t\t\t\t\t<h4><span style=\"color: #e09326;\">\/\/Les nostres pells\/\/<\/span><\/h4>\n<p dir=\"ltr\">Marina Turroja \u00e9s investigadora, core\u00f2grafa i ballarina, i ens proposa un projecte multidireccional que combina les arts esc\u00e8niques, el reciclatge t\u00e8xtil i la intervenci\u00f3 social. <\/p>\n<p dir=\"ltr\">Teixirem una tela gegant a partir de materials t\u00e8xtils usats, que despr\u00e9s es transformar\u00e0 en mantes o jaquetes, per ajudar persones en situaci\u00f3 de vulnerabilitat. Es tracta de poder reflexionar col\u00b7lectivament sobre les pells que ens (con)formen i ens delimiten, tant f\u00edsiques com socials o culturals, i del seu poder de transformaci\u00f3. La intenci\u00f3 \u00e9s escenificar el que emergeix d\u2019aquest proc\u00e9s d\u2019intercanvi i teixir juntxs, a trav\u00e9s de la performance d\u2019una dona amb una pell gegant.   <\/p>\n<p dir=\"ltr\">Perfil de col\u00b7laboradorxs: persones amb coneixements de confecci\u00f3 i patronatge, de qualsevol edat, cultura o \u00e8tnia. Persones que treballin en serveis socials o que tinguin relaci\u00f3 o contacte amb el sector. <\/p>\n\t\t\t\t\t\t\t\t<\/div>\n\t\t\t\t<\/div>\n\t\t\t\t<\/div>\n\t\t\t\t\t<\/div>\n\t\t\t\t<\/div>\n\t\t<div class=\"elementor-element elementor-element-9ac44d4 e-flex e-con-boxed e-con e-parent\" data-id=\"9ac44d4\" data-element_type=\"container\">\n\t\t\t\t\t<div class=\"e-con-inner\">\n\t\t<div class=\"elementor-element elementor-element-da2ed95 e-con-full e-flex e-con e-child\" data-id=\"da2ed95\" data-element_type=\"container\">\n\t\t\t\t<div class=\"elementor-element elementor-element-8e2bcee elementor-widget elementor-widget-image\" data-id=\"8e2bcee\" data-element_type=\"widget\" data-widget_type=\"image.default\">\n\t\t\t\t<div class=\"elementor-widget-container\">\n\t\t\t\t\t\t\t\t\t\t\t\t\t\t\t<img loading=\"lazy\" decoding=\"async\" width=\"1024\" height=\"1024\" src=\"https:\/\/i0.wp.com\/www.backtoeco.com\/wp-content\/uploads\/2024\/09\/Health_Neila-Gomez-jpg.webp?fit=1024%2C1024&amp;ssl=1\" class=\"attachment-large size-large wp-image-4436\" alt=\"\" \/>\t\t\t\t\t\t\t\t\t\t\t\t\t\t\t<\/div>\n\t\t\t\t<\/div>\n\t\t\t\t<\/div>\n\t\t<div class=\"elementor-element elementor-element-965e2ab e-con-full e-flex e-con e-child\" data-id=\"965e2ab\" data-element_type=\"container\">\n\t\t\t\t<div class=\"elementor-element elementor-element-694419f elementor-widget__width-initial elementor-widget elementor-widget-text-editor\" data-id=\"694419f\" data-element_type=\"widget\" data-widget_type=\"text-editor.default\">\n\t\t\t\t<div class=\"elementor-widget-container\">\n\t\t\t\t\t\t\t\t\t<h4><span style=\"color: #617eba;\">\/\/ HEALTH COMPLEMENTS (Reutilitzar per a sanar) \/\/<\/span><\/h4>\n<div dir=\"auto\"> <\/div>\n<div dir=\"auto\">\n<div dir=\"auto\">\n<p>Neila G\u00f3mez Quiroga i Rosa Andreu Albertos ens presenten un projecte que s&#8217;acosta al m\u00f3n de salut a trav\u00e9s del t\u00e8xtil. La proposta neix amb un prop\u00f2sit solidari: reutilitzar i transformar els uniformes dels sanitaris que es rebutjaran, en complements d&#8217;ecodisseny, per a poder donar els fons recaptats a associacions que treballen per la salut mental. <\/p>\n<p>Una oportunitat per a unir la solidaritat amb la sostenibilitat, creant un cercle on tot comen\u00e7a i acaba en l&#8217;\u00e0mbit de la salut, d&#8217;aqu\u00ed el nostre lema: \u201c<i>Reutilizar per sanar<\/i>\u201d. <\/p>\n<p>Perfil de col\u00b7laboradorxs: Entitats que donin el material (hospitals, resid\u00e8ncies), dissenyadors, artesans del t\u00e8xtil, associacions de salut mental. <\/p>\n<\/div>\n<\/div>\n\t\t\t\t\t\t\t\t<\/div>\n\t\t\t\t<\/div>\n\t\t\t\t<\/div>\n\t\t\t\t\t<\/div>\n\t\t\t\t<\/div>\n\t\t<div class=\"elementor-element elementor-element-f3e37e9 e-flex e-con-boxed e-con e-parent\" data-id=\"f3e37e9\" data-element_type=\"container\">\n\t\t\t\t\t<div class=\"e-con-inner\">\n\t\t\t\t<div class=\"elementor-element elementor-element-a88f0c9 elementor-widget-divider--view-line elementor-widget elementor-widget-divider\" data-id=\"a88f0c9\" data-element_type=\"widget\" data-widget_type=\"divider.default\">\n\t\t\t\t<div class=\"elementor-widget-container\">\n\t\t\t\t\t\t\t<div class=\"elementor-divider\">\n\t\t\t<span class=\"elementor-divider-separator\">\n\t\t\t\t\t\t<\/span>\n\t\t<\/div>\n\t\t\t\t\t\t<\/div>\n\t\t\t\t<\/div>\n\t\t\t\t\t<\/div>\n\t\t\t\t<\/div>\n\t\t<div class=\"elementor-element elementor-element-2949409 e-grid e-con-boxed e-con e-parent\" data-id=\"2949409\" data-element_type=\"container\" data-settings=\"{&quot;background_background&quot;:&quot;slideshow&quot;,&quot;background_slideshow_gallery&quot;:[{&quot;id&quot;:3869,&quot;url&quot;:&quot;https:\\\/\\\/www.backtoeco.com\\\/wp-content\\\/uploads\\\/2024\\\/06\\\/Obeir-el-cercle-1024x1024-1-768x768-1.png&quot;}],&quot;background_slideshow_loop&quot;:&quot;yes&quot;,&quot;background_slideshow_slide_duration&quot;:5000,&quot;background_slideshow_slide_transition&quot;:&quot;fade&quot;,&quot;background_slideshow_transition_duration&quot;:500}\">\n\t\t\t\t\t<div class=\"e-con-inner\">\n\t\t\t\t<div class=\"elementor-element elementor-element-1981bce elementor-widget elementor-widget-heading\" data-id=\"1981bce\" data-element_type=\"widget\" data-widget_type=\"heading.default\">\n\t\t\t\t<div class=\"elementor-widget-container\">\n\t\t\t\t\t<h2 class=\"elementor-heading-title elementor-size-default\">PRELAB<\/h2>\t\t\t\t<\/div>\n\t\t\t\t<\/div>\n\t\t\t\t<div class=\"elementor-element elementor-element-3887d12 elementor-widget elementor-widget-heading\" data-id=\"3887d12\" data-element_type=\"widget\" data-widget_type=\"heading.default\">\n\t\t\t\t<div class=\"elementor-widget-container\">\n\t\t\t\t\t<h2 class=\"elementor-heading-title elementor-size-default\">LAB<\/h2>\t\t\t\t<\/div>\n\t\t\t\t<\/div>\n\t\t\t\t<div class=\"elementor-element elementor-element-96b848a elementor-widget elementor-widget-heading\" data-id=\"96b848a\" data-element_type=\"widget\" data-widget_type=\"heading.default\">\n\t\t\t\t<div class=\"elementor-widget-container\">\n\t\t\t\t\t<h2 class=\"elementor-heading-title elementor-size-default\">POSTLAB<\/h2>\t\t\t\t<\/div>\n\t\t\t\t<\/div>\n\t\t\t\t\t<\/div>\n\t\t\t\t<\/div>\n\t\t<div class=\"elementor-element elementor-element-cf1eec7 e-grid e-con-boxed e-con e-parent\" data-id=\"cf1eec7\" data-element_type=\"container\">\n\t\t\t\t\t<div class=\"e-con-inner\">\n\t\t\t\t<div class=\"elementor-element elementor-element-92c14bf elementor-widget elementor-widget-text-editor\" data-id=\"92c14bf\" data-element_type=\"widget\" data-widget_type=\"text-editor.default\">\n\t\t\t\t<div class=\"elementor-widget-container\">\n\t\t\t\t\t\t\t\t\t<p>1 DE JULIOL &#8211; <span style=\"font-style: inherit; font-weight: inherit; color: var( --e-global-color-text ); text-align: var(--text-align);\">19 DE SETEMBRE &#8211; <\/span><span style=\"font-style: inherit; font-weight: inherit; color: var( --e-global-color-text ); font-family: var( --e-global-typography-text-font-family ), Sans-serif; text-align: var(--text-align); font-size: 29px;\">Convocat\u00f2ria d\u00b4 idees de projectes<\/span><\/p>\n<p>10 DE SETEMBRE 11.00hr &#8211; Visita Ateneu de Fabricaci\u00f3 de Gr\u00e0cia<\/p>\n<p>SETMANA 9 AL 13 SETEMBRE- Visita Back to Eco +Directe preguntes (per definir)<\/p>\n<div><span style=\"font-style: inherit; font-weight: inherit; color: var( --e-global-color-text ); font-family: var( --e-global-typography-text-font-family ), Sans-serif; text-align: var(--text-align);\">25 DE SETEMBRE &#8211; <\/span><\/div>\n<p>Publicaci\u00f3 de propostes seleccionades<\/p>\n<p>25 DE SETIEMB<span style=\"font-style: inherit; font-weight: inherit; color: var( --e-global-color-text ); text-align: var(--text-align);\">RE &#8211; 10 DE OCTUBRE &#8211; <\/span><span style=\"font-size: 29px; font-style: inherit; font-weight: inherit; color: var( --e-global-color-text ); text-align: var(--text-align);\">Convocatoria de colaboradorxs<\/span><\/p>\n\t\t\t\t\t\t\t\t<\/div>\n\t\t\t\t<\/div>\n\t\t\t\t<div class=\"elementor-element elementor-element-23c91d2 elementor-widget elementor-widget-text-editor\" data-id=\"23c91d2\" data-element_type=\"widget\" data-widget_type=\"text-editor.default\">\n\t\t\t\t<div class=\"elementor-widget-container\">\n\t\t\t\t\t\t\t\t\t<p>14 D&#8217;OCTUBRE 18.30 SESSI\u00d3 PR\u00c8VIA EN L\u00cdNIA (primera trobada en l\u00ednia tots els grups, promotores, col\u00b7laboradores i mentors)<\/p>\n<p>EN L&#8217;ESPAI BACK TO ECO (treball presencial tots els grups)<\/p>\n<p>25 DE OCTUBRE &#8211; <span style=\"font-style: inherit; font-weight: inherit; color: var( --e-global-color-text ); text-align: var(--text-align);\">de 17.00 a 20.00 h<\/span><\/p>\n<p><span style=\"font-style: inherit; font-weight: inherit; color: var( --e-global-color-text ); text-align: var(--text-align);\">26 de OCTUBRE &#8211; de 10.00 a 18.00 h amb pausa a menjar<\/span><\/p>\n<p><span style=\"font-style: inherit; font-weight: inherit; color: var( --e-global-color-text ); text-align: var(--text-align);\">27 de OCTUBRE &#8211; de 10.00 a 13.30 h<\/span><\/p>\n\t\t\t\t\t\t\t\t<\/div>\n\t\t\t\t<\/div>\n\t\t\t\t<div class=\"elementor-element elementor-element-1600c13 elementor-widget elementor-widget-text-editor\" data-id=\"1600c13\" data-element_type=\"widget\" data-widget_type=\"text-editor.default\">\n\t\t\t\t<div class=\"elementor-widget-container\">\n\t\t\t\t\t\t\t\t\t<p><span style=\"font-style: inherit; font-weight: inherit; color: var( --e-global-color-text ); text-align: var(--text-align);\">27 de OCTUBRE a 16 de NOV &#8211; fi de projectes i preparaci\u00f3 de presentacions &#8211; online o presencial en Back To Eco o Ateneu de Fabricaci\u00f3<\/span><\/p>\n<p><span style=\"font-style: inherit; font-weight: inherit; color: var( --e-global-color-text ); text-align: var(--text-align);\"> 16 de NOVIEMBRE &#8211; Festilab de presentacio de projectes i posibles contactes per viabilitat de futur<\/span><\/p>\n\t\t\t\t\t\t\t\t<\/div>\n\t\t\t\t<\/div>\n\t\t\t\t\t<\/div>\n\t\t\t\t<\/div>\n\t\t<div class=\"elementor-element elementor-element-eb9c4e4 e-flex e-con-boxed e-con e-parent\" data-id=\"eb9c4e4\" data-element_type=\"container\">\n\t\t\t\t\t<div class=\"e-con-inner\">\n\t\t\t\t<div class=\"elementor-element elementor-element-77e3572 elementor-widget-divider--view-line elementor-widget elementor-widget-divider\" data-id=\"77e3572\" data-element_type=\"widget\" data-widget_type=\"divider.default\">\n\t\t\t\t<div class=\"elementor-widget-container\">\n\t\t\t\t\t\t\t<div class=\"elementor-divider\">\n\t\t\t<span class=\"elementor-divider-separator\">\n\t\t\t\t\t\t<\/span>\n\t\t<\/div>\n\t\t\t\t\t\t<\/div>\n\t\t\t\t<\/div>\n\t\t\t\t\t<\/div>\n\t\t\t\t<\/div>\n\t\t<div class=\"elementor-element elementor-element-1163653 e-flex e-con-boxed e-con e-parent\" data-id=\"1163653\" data-element_type=\"container\">\n\t\t\t\t\t<div class=\"e-con-inner\">\n\t\t<div class=\"elementor-element elementor-element-b0d1b7b e-con-full e-flex e-con e-child\" data-id=\"b0d1b7b\" data-element_type=\"container\">\n\t\t\t\t<div class=\"elementor-element elementor-element-6957d5a elementor-widget elementor-widget-heading\" data-id=\"6957d5a\" data-element_type=\"widget\" data-widget_type=\"heading.default\">\n\t\t\t\t<div class=\"elementor-widget-container\">\n\t\t\t\t\t<h2 class=\"elementor-heading-title elementor-size-default\">PROC\u00c9S DEL LAB<\/h2>\t\t\t\t<\/div>\n\t\t\t\t<\/div>\n\t\t\t\t<\/div>\n\t\t<div class=\"elementor-element elementor-element-3ddbdc0 e-con-full e-flex e-con e-child\" data-id=\"3ddbdc0\" data-element_type=\"container\">\n\t\t\t\t<div class=\"elementor-element elementor-element-fd63907 elementor-widget__width-initial elementor-widget elementor-widget-text-editor\" data-id=\"fd63907\" data-element_type=\"widget\" data-widget_type=\"text-editor.default\">\n\t\t\t\t<div class=\"elementor-widget-container\">\n\t\t\t\t\t\t\t\t\t<p><span style=\"font-weight: 400;\">\/ S&#8217;obre la primera convocat\u00f2ria de propostes de projectes \/\/ se seleccionen sis projectes (un per disciplina, m\u00e9s un projecte extra a desenvolupar per col\u00b7lectius de joves) \/La selecci\u00f3 \u00e9s a partir de la puntuaci\u00f3 obtinguda en el formulari, i una posterior selecci\u00f3 del jurat participant\/<\/span><\/p>\n<p><span style=\"font-weight: 400;\">\/ Una vegada anunciada la selecci\u00f3, s&#8217;obre una segona convocat\u00f2ria a *colaboradorxs per a ajudar a impulsar els diferents projectes\/ \/ Es crearan grups de treball conjunts entre la persona o grup promotor de la idea i les col\u00b7laboradores que s&#8217;inscriguin \/Es desenvolupen les idees treballant en aquests grups interdisciplinaris\/ El treball final es realitzar\u00e0 durant el mes de novembre\/ El proc\u00e9s es finalitza amb una festa de celebraci\u00f3<\/span><\/p>\n<p><br style=\"font-weight: 400;\"><br style=\"font-weight: 400;\"><\/p>\n\t\t\t\t\t\t\t\t<\/div>\n\t\t\t\t<\/div>\n\t\t\t\t<\/div>\n\t\t\t\t\t<\/div>\n\t\t\t\t<\/div>\n\t\t<div class=\"elementor-element elementor-element-2b523e4 e-flex e-con-boxed e-con e-parent\" data-id=\"2b523e4\" data-element_type=\"container\">\n\t\t\t\t\t<div class=\"e-con-inner\">\n\t\t\t\t<div class=\"elementor-element elementor-element-a3ba716 elementor-widget-divider--view-line elementor-widget elementor-widget-divider\" data-id=\"a3ba716\" data-element_type=\"widget\" data-widget_type=\"divider.default\">\n\t\t\t\t<div class=\"elementor-widget-container\">\n\t\t\t\t\t\t\t<div class=\"elementor-divider\">\n\t\t\t<span class=\"elementor-divider-separator\">\n\t\t\t\t\t\t<\/span>\n\t\t<\/div>\n\t\t\t\t\t\t<\/div>\n\t\t\t\t<\/div>\n\t\t\t\t\t<\/div>\n\t\t\t\t<\/div>\n\t\t<div class=\"elementor-element elementor-element-d9905b0 e-flex e-con-boxed e-con e-parent\" data-id=\"d9905b0\" data-element_type=\"container\">\n\t\t\t\t\t<div class=\"e-con-inner\">\n\t\t<div class=\"elementor-element elementor-element-65dd982 e-con-full e-flex e-con e-child\" data-id=\"65dd982\" data-element_type=\"container\">\n\t\t\t\t<div class=\"elementor-element elementor-element-c0326dc elementor-widget elementor-widget-text-editor\" data-id=\"c0326dc\" data-element_type=\"widget\" data-widget_type=\"text-editor.default\">\n\t\t\t\t<div class=\"elementor-widget-container\">\n\t\t\t\t\t\t\t\t\t<p>PARTICIPAR EN EL LAB \u00c9S<\/p>\n\t\t\t\t\t\t\t\t<\/div>\n\t\t\t\t<\/div>\n\t\t\t\t<\/div>\n\t\t<div class=\"elementor-element elementor-element-a16107a e-con-full e-flex e-con e-child\" data-id=\"a16107a\" data-element_type=\"container\">\n\t\t\t\t<div class=\"elementor-element elementor-element-5bb8933 elementor-widget elementor-widget-text-editor\" data-id=\"5bb8933\" data-element_type=\"widget\" data-widget_type=\"text-editor.default\">\n\t\t\t\t<div class=\"elementor-widget-container\">\n\t\t\t\t\t\t\t\t\t<p><span style=\"font-weight: 400; color: #000000;\">\/ una oportunitat per a fer cr\u00e9ixer les teves idees\/\/ l&#8217;acompanyament d&#8217;un equip expert que ser\u00e0 present durant el preLab, el Lab i postLab \/\/acc\u00e9s a una biblioteca residus t\u00e8xtils i t\u00e8xtils sostenibles i la possibilitat d&#8217;accedir a aquests\/\/ acc\u00e9s a equipaments i eines equipaments i eines de Back To Eco i del Ateneu de Fabricaci\u00f3 de Gr\u00e0cia\/<\/span><\/p>\n\t\t\t\t\t\t\t\t<\/div>\n\t\t\t\t<\/div>\n\t\t\t\t<div class=\"elementor-element elementor-element-20035ea elementor-widget elementor-widget-text-editor\" data-id=\"20035ea\" data-element_type=\"widget\" data-widget_type=\"text-editor.default\">\n\t\t\t\t<div class=\"elementor-widget-container\">\n\t\t\t\t\t\t\t\t\t<p style=\"font-size: 16px; font-style: normal; font-weight: 400; color: #0c0000; font-family: Poppins, sans-serif;\"><span style=\"font-weight: 400; color: #000000;\">\/ La comunicaci\u00f3 posterior dels projectes finals (en la festa final i en les xarxes socials i mitjans de comunicaci\u00f3 de Back to Eco \/\/ la cerca d&#8217;un equip de persones col\u00b7laboradores per a fer cr\u00e9ixer la teva idea \/\/ la participaci\u00f3 en un equip multidisciplinari<\/span><\/p>\n\t\t\t\t\t\t\t\t<\/div>\n\t\t\t\t<\/div>\n\t\t\t\t<\/div>\n\t\t\t\t\t<\/div>\n\t\t\t\t<\/div>\n\t\t<div class=\"elementor-element elementor-element-1d4e73e e-flex e-con-boxed e-con e-parent\" data-id=\"1d4e73e\" data-element_type=\"container\">\n\t\t\t\t\t<div class=\"e-con-inner\">\n\t\t\t\t<div class=\"elementor-element elementor-element-2af764a elementor-widget-divider--view-line elementor-widget elementor-widget-divider\" data-id=\"2af764a\" data-element_type=\"widget\" data-widget_type=\"divider.default\">\n\t\t\t\t<div class=\"elementor-widget-container\">\n\t\t\t\t\t\t\t<div class=\"elementor-divider\">\n\t\t\t<span class=\"elementor-divider-separator\">\n\t\t\t\t\t\t<\/span>\n\t\t<\/div>\n\t\t\t\t\t\t<\/div>\n\t\t\t\t<\/div>\n\t\t\t\t\t<\/div>\n\t\t\t\t<\/div>\n\t\t\t\t<section class=\"elementor-section elementor-top-section elementor-element elementor-element-3b6c23b0 elementor-section-full_width elementor-section-height-default elementor-section-height-default\" data-id=\"3b6c23b0\" data-element_type=\"section\" data-settings=\"{&quot;background_background&quot;:&quot;classic&quot;}\">\n\t\t\t\t\t\t<div class=\"elementor-container elementor-column-gap-no\">\n\t\t\t\t\t<div class=\"elementor-column elementor-col-100 elementor-top-column elementor-element elementor-element-35b4f91b\" data-id=\"35b4f91b\" data-element_type=\"column\" data-settings=\"{&quot;background_background&quot;:&quot;classic&quot;}\">\n\t\t\t<div class=\"elementor-widget-wrap elementor-element-populated\">\n\t\t\t\t\t\t<div class=\"elementor-element elementor-element-51cd0331 elementor-widget elementor-widget-spacer\" data-id=\"51cd0331\" data-element_type=\"widget\" data-widget_type=\"spacer.default\">\n\t\t\t\t<div class=\"elementor-widget-container\">\n\t\t\t\t\t\t\t<div class=\"elementor-spacer\">\n\t\t\t<div class=\"elementor-spacer-inner\"><\/div>\n\t\t<\/div>\n\t\t\t\t\t\t<\/div>\n\t\t\t\t<\/div>\n\t\t\t\t<div class=\"elementor-element elementor-element-6e30362c elementor-widget__width-initial elementor-widget elementor-widget-heading\" data-id=\"6e30362c\" data-element_type=\"widget\" data-widget_type=\"heading.default\">\n\t\t\t\t<div class=\"elementor-widget-container\">\n\t\t\t\t\t<h3 class=\"elementor-heading-title elementor-size-default\"><h2 data-elementor-setting-key=\"title\" data-pen-placeholder=\"Teclea aqu\u00ed...\" style=\"font-family: minion-pro-bold, sans-serif;line-height: 1\"><span style=\"font-family: Poppins, sans-serif;font-size: 49px;letter-spacing: -0.1px;text-align: center;text-transform: capitalize\">Jurat<\/span><\/h2><\/h3>\t\t\t\t<\/div>\n\t\t\t\t<\/div>\n\t\t\t\t<section class=\"elementor-section elementor-inner-section elementor-element elementor-element-16ca0285 elementor-section-boxed elementor-section-height-default elementor-section-height-default\" data-id=\"16ca0285\" data-element_type=\"section\">\n\t\t\t\t\t\t<div class=\"elementor-container elementor-column-gap-no\">\n\t\t\t\t\t<div class=\"elementor-column elementor-col-25 elementor-inner-column elementor-element elementor-element-a68af37\" data-id=\"a68af37\" data-element_type=\"column\">\n\t\t\t<div class=\"elementor-widget-wrap elementor-element-populated\">\n\t\t\t\t\t\t<div class=\"elementor-element elementor-element-6f73f7f8 elementor-position-top elementor-widget elementor-widget-image-box\" data-id=\"6f73f7f8\" data-element_type=\"widget\" data-widget_type=\"image-box.default\">\n\t\t\t\t<div class=\"elementor-widget-container\">\n\t\t\t\t\t<div class=\"elementor-image-box-wrapper\"><figure class=\"elementor-image-box-img\"><img loading=\"lazy\" decoding=\"async\" width=\"566\" height=\"638\" src=\"https:\/\/i0.wp.com\/www.backtoeco.com\/wp-content\/uploads\/2024\/06\/DSC_0974_JPG.jpg.webp?fit=566%2C638&amp;ssl=1\" class=\"elementor-animation-grow attachment-full size-full wp-image-3289\" alt=\"\" srcset=\"https:\/\/i0.wp.com\/www.backtoeco.com\/wp-content\/uploads\/2024\/06\/DSC_0974_JPG.jpg.webp?w=566&amp;ssl=1 566w, https:\/\/i0.wp.com\/www.backtoeco.com\/wp-content\/uploads\/2024\/06\/DSC_0974_JPG.jpg.webp?resize=266%2C300&amp;ssl=1 266w\" sizes=\"(max-width: 566px) 100vw, 566px\" \/><\/figure><div class=\"elementor-image-box-content\"><h4 class=\"elementor-image-box-title\">N\u00faria Nubiola<\/h4><p class=\"elementor-image-box-description\"><br><span id=\"docs-internal-guid-919186d0-7fff-4243-8111-0b7c3a094220\" style=\"caret-color: rgb(0, 0, 0); color: rgb(0, 0, 0); white-space-collapse: collapse; text-size-adjust: auto;\"><span style=\"font-size: 11pt; font-family: poppins, sans-serif; background-color: transparent; font-variant-east-asian: normal; vertical-align: baseline; white-space-collapse: preserve;\">Ambient\u00f3loga. Fundadora i CEO de la marca de moda sostenible Infinit Denim i presidenta de l\u2019Associaci\u00f3 Back To Eco.<\/span><span style=\"font-size: 11.5pt; font-family: Arial, sans-serif; color: rgb(40, 26, 57); font-weight: 700; font-variant-east-asian: normal; vertical-align: baseline; white-space-collapse: preserve;\">.<\/span><\/span><\/p><\/div><\/div>\t\t\t\t<\/div>\n\t\t\t\t<\/div>\n\t\t\t\t\t<\/div>\n\t\t<\/div>\n\t\t\t\t<div class=\"elementor-column elementor-col-25 elementor-inner-column elementor-element elementor-element-6750d879\" data-id=\"6750d879\" data-element_type=\"column\">\n\t\t\t<div class=\"elementor-widget-wrap elementor-element-populated\">\n\t\t\t\t\t\t<div class=\"elementor-element elementor-element-3f0dcc13 elementor-widget__width-initial elementor-position-top elementor-widget elementor-widget-image-box\" data-id=\"3f0dcc13\" data-element_type=\"widget\" data-widget_type=\"image-box.default\">\n\t\t\t\t<div class=\"elementor-widget-container\">\n\t\t\t\t\t<div class=\"elementor-image-box-wrapper\"><figure class=\"elementor-image-box-img\"><img loading=\"lazy\" decoding=\"async\" width=\"566\" height=\"638\" src=\"https:\/\/i0.wp.com\/www.backtoeco.com\/wp-content\/uploads\/2024\/06\/Marcos_Garcia_director_de_MediaLab-Prado_cropped.jpg.webp?fit=566%2C638&amp;ssl=1\" class=\"elementor-animation-grow attachment-full size-full wp-image-3300\" alt=\"\" srcset=\"https:\/\/i0.wp.com\/www.backtoeco.com\/wp-content\/uploads\/2024\/06\/Marcos_Garcia_director_de_MediaLab-Prado_cropped.jpg.webp?w=566&amp;ssl=1 566w, https:\/\/i0.wp.com\/www.backtoeco.com\/wp-content\/uploads\/2024\/06\/Marcos_Garcia_director_de_MediaLab-Prado_cropped.jpg.webp?resize=266%2C300&amp;ssl=1 266w\" sizes=\"(max-width: 566px) 100vw, 566px\" \/><\/figure><div class=\"elementor-image-box-content\"><h4 class=\"elementor-image-box-title\">Marcos Garc\u00eda<\/h4><p class=\"elementor-image-box-description\"><span id=\"docs-internal-guid-919186d0-7fff-4243-8111-0b7c3a094220\" style=\"caret-color: rgb(0, 0, 0); color: rgb(0, 0, 0); white-space-collapse: collapse; text-size-adjust: auto;\"><span style=\"font-size: 11pt; font-family: poppins, sans-serif; background-color: transparent; font-variant-east-asian: normal; vertical-align: baseline; white-space-collapse: preserve;\">Gestor cultural que treballa a l'\u00e0mbit dels laboratoris ciutadans. Entre el 2014 i el 2021 va ser director de Medialab Prado. Entre el 2014 y el 2021 fue director de Medialab Prado<\/span><span style=\"font-size: 11.5pt; font-family: poppins, sans-serif; color: rgb(40, 26, 57); font-weight: 700; font-variant-east-asian: normal; vertical-align: baseline; white-space-collapse: preserve;\">.<\/span><\/span><\/p><\/div><\/div>\t\t\t\t<\/div>\n\t\t\t\t<\/div>\n\t\t\t\t\t<\/div>\n\t\t<\/div>\n\t\t\t\t<div class=\"elementor-column elementor-col-25 elementor-inner-column elementor-element elementor-element-747db390\" data-id=\"747db390\" data-element_type=\"column\">\n\t\t\t<div class=\"elementor-widget-wrap elementor-element-populated\">\n\t\t\t\t\t\t<div class=\"elementor-element elementor-element-377e940a elementor-position-top elementor-widget elementor-widget-image-box\" data-id=\"377e940a\" data-element_type=\"widget\" data-widget_type=\"image-box.default\">\n\t\t\t\t<div class=\"elementor-widget-container\">\n\t\t\t\t\t<div class=\"elementor-image-box-wrapper\"><figure class=\"elementor-image-box-img\"><img loading=\"lazy\" decoding=\"async\" width=\"566\" height=\"638\" src=\"https:\/\/i0.wp.com\/www.backtoeco.com\/wp-content\/uploads\/2024\/06\/penny_papachristodoulou.jpg?fit=566%2C638&amp;ssl=1\" class=\"elementor-animation-grow attachment-full size-full wp-image-3782\" alt=\"Penny Papachristodoulou\" srcset=\"https:\/\/i0.wp.com\/www.backtoeco.com\/wp-content\/uploads\/2024\/06\/penny_papachristodoulou.jpg?w=566&amp;ssl=1 566w, https:\/\/i0.wp.com\/www.backtoeco.com\/wp-content\/uploads\/2024\/06\/penny_papachristodoulou.jpg?resize=266%2C300&amp;ssl=1 266w\" sizes=\"(max-width: 566px) 100vw, 566px\" \/><\/figure><div class=\"elementor-image-box-content\"><h4 class=\"elementor-image-box-title\">Penny Papachristodoulou<\/h4><p class=\"elementor-image-box-description\"><font color=\"#281a39\" face=\"poppins, lato, sans-serif\"><span style=\"caret-color: rgb(40, 26, 57); font-size: 15px; white-space: normal;\">Dissenyadora t\u00e8xtil,&nbsp;treballa en projectes socioeducatius i ambientals en la intersecci\u00f3 entre el disseny, l'art i la cultura.<br><br><\/span><\/font><\/p><\/div><\/div>\t\t\t\t<\/div>\n\t\t\t\t<\/div>\n\t\t\t\t\t<\/div>\n\t\t<\/div>\n\t\t\t\t<div class=\"elementor-column elementor-col-25 elementor-inner-column elementor-element elementor-element-1e11687b\" data-id=\"1e11687b\" data-element_type=\"column\">\n\t\t\t<div class=\"elementor-widget-wrap elementor-element-populated\">\n\t\t\t\t\t\t<div class=\"elementor-element elementor-element-2e4966aa elementor-widget__width-inherit elementor-absolute elementor-position-top elementor-widget elementor-widget-image-box\" data-id=\"2e4966aa\" data-element_type=\"widget\" data-settings=\"{&quot;_position&quot;:&quot;absolute&quot;}\" data-widget_type=\"image-box.default\">\n\t\t\t\t<div class=\"elementor-widget-container\">\n\t\t\t\t\t<div class=\"elementor-image-box-wrapper\"><figure class=\"elementor-image-box-img\"><img decoding=\"async\" src=\"https:\/\/i0.wp.com\/www.backtoeco.com\/wp-content\/uploads\/2024\/06\/Foto-victor-2-1.png?fit=1154%2C1319&#038;ssl=1\" title=\"Foto-victor-2-1.png\" alt=\"Foto-victor-2-1.png\" class=\"elementor-animation-grow\" loading=\"lazy\" \/><\/figure><div class=\"elementor-image-box-content\"><h4 class=\"elementor-image-box-title\">Victor Vidal<\/h4><p class=\"elementor-image-box-description\"><span style=\"white-space: normal; caret-color: rgb(40, 26, 57); color: rgb(40, 26, 57); font-family: poppins, lato, sans-serif; font-size: 15px;\">Enginyer en Disseny Industrial Tecn\u00f2leg de l'Ateneu de Fabricaci\u00f3 Digital de Gr\u00e0cia.<\/span><\/p><\/div><\/div>\t\t\t\t<\/div>\n\t\t\t\t<\/div>\n\t\t\t\t<div class=\"elementor-element elementor-element-f4d1c62 elementor-widget elementor-widget-spacer\" data-id=\"f4d1c62\" data-element_type=\"widget\" data-widget_type=\"spacer.default\">\n\t\t\t\t<div class=\"elementor-widget-container\">\n\t\t\t\t\t\t\t<div class=\"elementor-spacer\">\n\t\t\t<div class=\"elementor-spacer-inner\"><\/div>\n\t\t<\/div>\n\t\t\t\t\t\t<\/div>\n\t\t\t\t<\/div>\n\t\t\t\t\t<\/div>\n\t\t<\/div>\n\t\t\t\t\t<\/div>\n\t\t<\/section>\n\t\t\t\t\t<\/div>\n\t\t<\/div>\n\t\t\t\t\t<\/div>\n\t\t<\/section>\n\t\t<div class=\"elementor-element elementor-element-ba24361 e-flex e-con-boxed e-con e-parent\" data-id=\"ba24361\" data-element_type=\"container\">\n\t\t\t\t\t<div class=\"e-con-inner\">\n\t\t\t\t<div class=\"elementor-element elementor-element-ecad831 elementor-widget-divider--view-line elementor-widget elementor-widget-divider\" data-id=\"ecad831\" data-element_type=\"widget\" data-widget_type=\"divider.default\">\n\t\t\t\t<div class=\"elementor-widget-container\">\n\t\t\t\t\t\t\t<div class=\"elementor-divider\">\n\t\t\t<span class=\"elementor-divider-separator\">\n\t\t\t\t\t\t<\/span>\n\t\t<\/div>\n\t\t\t\t\t\t<\/div>\n\t\t\t\t<\/div>\n\t\t\t\t\t<\/div>\n\t\t\t\t<\/div>\n\t\t<div class=\"elementor-element elementor-element-75eed0d e-flex e-con-boxed e-con e-parent\" data-id=\"75eed0d\" data-element_type=\"container\">\n\t\t\t\t\t<div class=\"e-con-inner\">\n\t\t<div class=\"elementor-element elementor-element-0d34b2a e-con-full e-flex e-con e-child\" data-id=\"0d34b2a\" data-element_type=\"container\">\n\t\t\t\t<div class=\"elementor-element elementor-element-269a677 elementor-position-top elementor-position-top elementor-widget elementor-widget-image-box\" data-id=\"269a677\" data-element_type=\"widget\" data-widget_type=\"image-box.default\">\n\t\t\t\t<div class=\"elementor-widget-container\">\n\t\t\t\t\t<div class=\"elementor-image-box-wrapper\"><figure class=\"elementor-image-box-img\"><img loading=\"lazy\" decoding=\"async\" width=\"566\" height=\"638\" src=\"https:\/\/i0.wp.com\/www.backtoeco.com\/wp-content\/uploads\/2024\/10\/neus-jpg.webp?fit=566%2C638&amp;ssl=1\" class=\"attachment-full size-full wp-image-4530\" alt=\"\" \/><\/figure><div class=\"elementor-image-box-content\"><h4 class=\"elementor-image-box-title\">Neus Su\u00f1\u00e9<\/h4><p class=\"elementor-image-box-description\"><span id=\"docs-internal-guid-919186d0-7fff-4243-8111-0b7c3a094220\" style=\"caret-color: rgb(0, 0, 0); color: rgb(0, 0, 0); white-space-collapse: collapse; text-size-adjust: auto;\"><span style=\"font-size: 11pt; font-family: poppins, sans-serif; background-color: transparent; font-variant-east-asian: normal; vertical-align: baseline; white-space-collapse: preserve;\">Directora, actriu, ballarina, creadora de dramat\u00fargies esc\u00e8niques i<\/span> <span style=\"font-size: 11.5pt; font-family: Arial, sans-serif; color: rgb(40, 26, 57); font-weight: 700; font-variant-east-asian: normal; vertical-align: baseline; white-space-collapse: preserve;\">docent.<\/span><\/span><\/p><\/div><\/div>\t\t\t\t<\/div>\n\t\t\t\t<\/div>\n\t\t\t\t<\/div>\n\t\t<div class=\"elementor-element elementor-element-b44b20a e-con-full e-flex e-con e-child\" data-id=\"b44b20a\" data-element_type=\"container\">\n\t\t\t\t<div class=\"elementor-element elementor-element-bbfa294 elementor-position-top elementor-position-top elementor-widget elementor-widget-image-box\" data-id=\"bbfa294\" data-element_type=\"widget\" data-widget_type=\"image-box.default\">\n\t\t\t\t<div class=\"elementor-widget-container\">\n\t\t\t\t\t<div class=\"elementor-image-box-wrapper\"><figure class=\"elementor-image-box-img\"><img loading=\"lazy\" decoding=\"async\" width=\"566\" height=\"638\" src=\"https:\/\/i0.wp.com\/www.backtoeco.com\/wp-content\/uploads\/2024\/10\/5-jpg.webp?fit=566%2C638&amp;ssl=1\" class=\"attachment-full size-full wp-image-4538\" alt=\"\" \/><\/figure><div class=\"elementor-image-box-content\"><h4 class=\"elementor-image-box-title\">Jordi Amor<\/h4><p class=\"elementor-image-box-description\"><span id=\"docs-internal-guid-919186d0-7fff-4243-8111-0b7c3a094220\" style=\"caret-color: rgb(0, 0, 0); color: rgb(0, 0, 0); white-space-collapse: collapse; text-size-adjust: auto;\"><span style=\"font-size: 11pt; font-family: poppins, sans-serif; background-color: transparent; font-variant-east-asian: normal; vertical-align: baseline; white-space-collapse: preserve;\">Llicenciat en Humanitats. Fa tallers d'escriptura creativa i \u00e9s autor de \"El forat\" (Premi Documenta 2016) i \"Enfosquiment\".  <\/span><span style=\"font-size: 11.5pt; font-family: Arial, sans-serif; color: rgb(40, 26, 57); font-weight: 700; font-variant-east-asian: normal; vertical-align: baseline; white-space-collapse: preserve;\">.<\/span><\/span><\/p><\/div><\/div>\t\t\t\t<\/div>\n\t\t\t\t<\/div>\n\t\t\t\t<\/div>\n\t\t<div class=\"elementor-element elementor-element-3525106 e-con-full e-flex e-con e-child\" data-id=\"3525106\" data-element_type=\"container\">\n\t\t\t\t<div class=\"elementor-element elementor-element-bd5acda elementor-position-top elementor-widget elementor-widget-image-box\" data-id=\"bd5acda\" data-element_type=\"widget\" data-widget_type=\"image-box.default\">\n\t\t\t\t<div class=\"elementor-widget-container\">\n\t\t\t\t\t<div class=\"elementor-image-box-wrapper\"><figure class=\"elementor-image-box-img\"><img loading=\"lazy\" decoding=\"async\" width=\"566\" height=\"638\" src=\"https:\/\/i0.wp.com\/www.backtoeco.com\/wp-content\/uploads\/2024\/10\/3-jpg.webp?fit=566%2C638&amp;ssl=1\" class=\"attachment-full size-full wp-image-4541\" alt=\"\" \/><\/figure><div class=\"elementor-image-box-content\"><h4 class=\"elementor-image-box-title\">Carolina Beltr\u00e1n<\/h4><p class=\"elementor-image-box-description\"><span id=\"docs-internal-guid-919186d0-7fff-4243-8111-0b7c3a094220\" style=\"caret-color: rgb(0, 0, 0); color: rgb(0, 0, 0); white-space-collapse: collapse; text-size-adjust: auto;\"><span style=\"font-size: 11pt; font-family: poppins, sans-serif; background-color: transparent; font-variant-east-asian: normal; vertical-align: baseline; white-space-collapse: preserve;\">Historiadora de l'art i costurera. Treballa com a formadora i creativa en tallers i projectes del sector t\u00e8xtil. <\/span><span style=\"font-size: 11.5pt; font-family: Arial, sans-serif; color: rgb(40, 26, 57); font-weight: 700; font-variant-east-asian: normal; vertical-align: baseline; white-space-collapse: preserve;\">.<\/span><\/span><\/p><\/div><\/div>\t\t\t\t<\/div>\n\t\t\t\t<\/div>\n\t\t\t\t<\/div>\n\t\t<div class=\"elementor-element elementor-element-be49561 e-con-full e-flex e-con e-child\" data-id=\"be49561\" data-element_type=\"container\">\n\t\t\t\t<div class=\"elementor-element elementor-element-8b4d63f elementor-position-top elementor-position-top elementor-widget elementor-widget-image-box\" data-id=\"8b4d63f\" data-element_type=\"widget\" data-widget_type=\"image-box.default\">\n\t\t\t\t<div class=\"elementor-widget-container\">\n\t\t\t\t\t<div class=\"elementor-image-box-wrapper\"><figure class=\"elementor-image-box-img\"><img loading=\"lazy\" decoding=\"async\" width=\"566\" height=\"638\" src=\"https:\/\/i0.wp.com\/www.backtoeco.com\/wp-content\/uploads\/2024\/10\/4-jpg.webp?fit=566%2C638&amp;ssl=1\" class=\"attachment-full size-full wp-image-4544\" alt=\"\" \/><\/figure><div class=\"elementor-image-box-content\"><h4 class=\"elementor-image-box-title\">Natalia Valero<\/h4><p class=\"elementor-image-box-description\"><span id=\"docs-internal-guid-919186d0-7fff-4243-8111-0b7c3a094220\" style=\"caret-color: rgb(0, 0, 0); color: rgb(0, 0, 0); white-space-collapse: collapse; text-size-adjust: auto;\"><span style=\"font-size: 11pt; font-family: poppins, sans-serif; background-color: transparent; font-variant-east-asian: normal; vertical-align: baseline; white-space-collapse: preserve;\">Ambient\u00f2loga i t\u00e8cnica en l'Ag\u00e8ncia de Salut P\u00fablica. Cofundadora del projecte de *upcycling \"M\u00e0negues pel clima\" impulsat per Bombers Solidaris  <\/span><span style=\"font-size: 11.5pt; font-family: Arial, sans-serif; color: rgb(40, 26, 57); font-weight: 700; font-variant-east-asian: normal; vertical-align: baseline; white-space-collapse: preserve;\">.<\/span><\/span><\/p><\/div><\/div>\t\t\t\t<\/div>\n\t\t\t\t<\/div>\n\t\t\t\t<\/div>\n\t\t\t\t\t<\/div>\n\t\t\t\t<\/div>\n\t\t\t\t<section class=\"elementor-section elementor-top-section elementor-element elementor-element-5299d6fb elementor-section-boxed elementor-section-height-default elementor-section-height-default\" data-id=\"5299d6fb\" data-element_type=\"section\">\n\t\t\t\t\t\t<div class=\"elementor-container elementor-column-gap-default\">\n\t\t\t\t\t<div class=\"elementor-column elementor-col-33 elementor-top-column elementor-element elementor-element-26647593\" data-id=\"26647593\" data-element_type=\"column\">\n\t\t\t<div class=\"elementor-widget-wrap elementor-element-populated\">\n\t\t\t\t\t\t<div class=\"elementor-element elementor-element-61a81f35 elementor-widget elementor-widget-heading\" data-id=\"61a81f35\" data-element_type=\"widget\" data-widget_type=\"heading.default\">\n\t\t\t\t<div class=\"elementor-widget-container\">\n\t\t\t\t\t<h2 class=\"elementor-heading-title elementor-size-default\">Organizaci\u00f3<\/h2>\t\t\t\t<\/div>\n\t\t\t\t<\/div>\n\t\t\t\t<div class=\"elementor-element elementor-element-7d1d26b3 elementor-widget elementor-widget-image\" data-id=\"7d1d26b3\" data-element_type=\"widget\" data-widget_type=\"image.default\">\n\t\t\t\t<div class=\"elementor-widget-container\">\n\t\t\t\t\t\t\t\t\t\t\t\t\t\t\t<img loading=\"lazy\" decoding=\"async\" width=\"222\" height=\"222\" src=\"https:\/\/i0.wp.com\/www.backtoeco.com\/wp-content\/uploads\/2024\/06\/descarga.png.webp?fit=222%2C222&amp;ssl=1\" class=\"attachment-large size-large wp-image-3462\" alt=\"\" srcset=\"https:\/\/i0.wp.com\/www.backtoeco.com\/wp-content\/uploads\/2024\/06\/descarga.png.webp?w=222&amp;ssl=1 222w, https:\/\/i0.wp.com\/www.backtoeco.com\/wp-content\/uploads\/2024\/06\/descarga.png.webp?resize=150%2C150&amp;ssl=1 150w\" sizes=\"(max-width: 222px) 100vw, 222px\" \/>\t\t\t\t\t\t\t\t\t\t\t\t\t\t\t<\/div>\n\t\t\t\t<\/div>\n\t\t\t\t<div class=\"elementor-element elementor-element-7fd41b17 elementor-widget elementor-widget-text-editor\" data-id=\"7fd41b17\" data-element_type=\"widget\" data-widget_type=\"text-editor.default\">\n\t\t\t\t<div class=\"elementor-widget-container\">\n\t\t\t\t\t\t\t\t\t<p>Back To Eco. C\/ del Bruc, 5, 08010. <br \/>Barcelona, Espa\u00f1a.&nbsp;<br \/>Email: info@backtoeco.com<\/p>\n\t\t\t\t\t\t\t\t<\/div>\n\t\t\t\t<\/div>\n\t\t\t\t\t<\/div>\n\t\t<\/div>\n\t\t\t\t<div class=\"elementor-column elementor-col-66 elementor-top-column elementor-element elementor-element-72cfa54f\" data-id=\"72cfa54f\" data-element_type=\"column\">\n\t\t\t<div class=\"elementor-widget-wrap elementor-element-populated\">\n\t\t\t\t\t\t<div class=\"elementor-element elementor-element-15869df1 elementor-widget elementor-widget-spacer\" data-id=\"15869df1\" data-element_type=\"widget\" data-widget_type=\"spacer.default\">\n\t\t\t\t<div class=\"elementor-widget-container\">\n\t\t\t\t\t\t\t<div class=\"elementor-spacer\">\n\t\t\t<div class=\"elementor-spacer-inner\"><\/div>\n\t\t<\/div>\n\t\t\t\t\t\t<\/div>\n\t\t\t\t<\/div>\n\t\t\t\t<div class=\"elementor-element elementor-element-a003e66 elementor-widget elementor-widget-heading\" data-id=\"a003e66\" data-element_type=\"widget\" data-widget_type=\"heading.default\">\n\t\t\t\t<div class=\"elementor-widget-container\">\n\t\t\t\t\t<h2 class=\"elementor-heading-title elementor-size-default\">Amb el suport de:<\/h2>\t\t\t\t<\/div>\n\t\t\t\t<\/div>\n\t\t\t\t<div class=\"elementor-element elementor-element-75453c3d elementor-widget elementor-widget-image\" data-id=\"75453c3d\" data-element_type=\"widget\" data-widget_type=\"image.default\">\n\t\t\t\t<div class=\"elementor-widget-container\">\n\t\t\t\t\t\t\t\t\t\t\t\t\t\t\t<img loading=\"lazy\" decoding=\"async\" width=\"300\" height=\"114\" src=\"https:\/\/i0.wp.com\/www.backtoeco.com\/wp-content\/uploads\/2024\/06\/Merxandatge-01-RGB.jpg.webp?fit=300%2C114&amp;ssl=1\" class=\"attachment-medium size-medium wp-image-3473\" alt=\"\" srcset=\"https:\/\/i0.wp.com\/www.backtoeco.com\/wp-content\/uploads\/2024\/06\/Merxandatge-01-RGB.jpg.webp?w=336&amp;ssl=1 336w, https:\/\/i0.wp.com\/www.backtoeco.com\/wp-content\/uploads\/2024\/06\/Merxandatge-01-RGB.jpg.webp?resize=300%2C114&amp;ssl=1 300w\" sizes=\"(max-width: 300px) 100vw, 300px\" \/>\t\t\t\t\t\t\t\t\t\t\t\t\t\t\t<\/div>\n\t\t\t\t<\/div>\n\t\t\t\t<div class=\"elementor-element elementor-element-7671761e elementor-widget elementor-widget-heading\" data-id=\"7671761e\" data-element_type=\"widget\" data-widget_type=\"heading.default\">\n\t\t\t\t<div class=\"elementor-widget-container\">\n\t\t\t\t\t<h2 class=\"elementor-heading-title elementor-size-default\">Amb la col\u00b7laboraci\u00f3 de:<\/h2>\t\t\t\t<\/div>\n\t\t\t\t<\/div>\n\t\t\t\t<div class=\"elementor-element elementor-element-6d98ac73 elementor-widget elementor-widget-image\" data-id=\"6d98ac73\" data-element_type=\"widget\" data-widget_type=\"image.default\">\n\t\t\t\t<div class=\"elementor-widget-container\">\n\t\t\t\t\t\t\t\t\t\t\t\t\t\t\t<img loading=\"lazy\" decoding=\"async\" width=\"71\" height=\"71\" src=\"https:\/\/i0.wp.com\/www.backtoeco.com\/wp-content\/uploads\/2024\/06\/Post-instagram-quote-frase-2.jpg?fit=71%2C71&amp;ssl=1\" class=\"attachment-1536x1536 size-1536x1536 wp-image-3479\" alt=\"\" \/>\t\t\t\t\t\t\t\t\t\t\t\t\t\t\t<\/div>\n\t\t\t\t<\/div>\n\t\t\t\t<div class=\"elementor-element elementor-element-6e4436c3 elementor-widget elementor-widget-spacer\" data-id=\"6e4436c3\" data-element_type=\"widget\" data-widget_type=\"spacer.default\">\n\t\t\t\t<div class=\"elementor-widget-container\">\n\t\t\t\t\t\t\t<div class=\"elementor-spacer\">\n\t\t\t<div class=\"elementor-spacer-inner\"><\/div>\n\t\t<\/div>\n\t\t\t\t\t\t<\/div>\n\t\t\t\t<\/div>\n\t\t\t\t\t<\/div>\n\t\t<\/div>\n\t\t\t\t\t<\/div>\n\t\t<\/section>\n\t\t\t\t<section class=\"elementor-section elementor-top-section elementor-element elementor-element-1a781b77 elementor-section-height-min-height elementor-section-content-middle elementor-section-full_width elementor-section-height-default elementor-section-items-middle\" data-id=\"1a781b77\" data-element_type=\"section\" data-settings=\"{&quot;background_background&quot;:&quot;classic&quot;}\">\n\t\t\t\t\t\t<div class=\"elementor-container elementor-column-gap-no\">\n\t\t\t\t\t<div class=\"elementor-column elementor-col-100 elementor-top-column elementor-element elementor-element-5b6f0c22\" data-id=\"5b6f0c22\" data-element_type=\"column\">\n\t\t\t<div class=\"elementor-widget-wrap elementor-element-populated\">\n\t\t\t\t\t\t<div class=\"elementor-element elementor-element-1612ceda elementor-widget elementor-widget-heading\" data-id=\"1612ceda\" data-element_type=\"widget\" data-widget_type=\"heading.default\">\n\t\t\t\t<div class=\"elementor-widget-container\">\n\t\t\t\t\t<p class=\"elementor-heading-title elementor-size-default\">\u00a9 2023 All Rights Reserved.<\/p>\t\t\t\t<\/div>\n\t\t\t\t<\/div>\n\t\t\t\t\t<\/div>\n\t\t<\/div>\n\t\t\t\t\t<\/div>\n\t\t<\/section>\n\t\t<div class=\"elementor-element elementor-element-2913b81 e-flex e-con-boxed e-con e-parent\" data-id=\"2913b81\" data-element_type=\"container\">\n\t\t\t\t\t<div class=\"e-con-inner\">\n\t\t\t\t<div class=\"elementor-element elementor-element-3979531 elementor-widget-divider--view-line elementor-widget elementor-widget-divider\" data-id=\"3979531\" data-element_type=\"widget\" data-widget_type=\"divider.default\">\n\t\t\t\t<div class=\"elementor-widget-container\">\n\t\t\t\t\t\t\t<div class=\"elementor-divider\">\n\t\t\t<span class=\"elementor-divider-separator\">\n\t\t\t\t\t\t<\/span>\n\t\t<\/div>\n\t\t\t\t\t\t<\/div>\n\t\t\t\t<\/div>\n\t\t\t\t\t<\/div>\n\t\t\t\t<\/div>\n\t\t\t\t<\/div>\n\t\t","protected":false},"excerpt":{"rendered":"<p>Obrim &gt;&gt;2a Convocat\u00f2ria oberta el cercle Laboratori d&#8217;experimentaci\u00f3 i creaci\u00f3 col\u00b7laborativa de projectes innovadors entorn de la circularitat t\u00e8xtil Formulari de inscripci\u00f3 per a colaboradorxs aqu\u00ed \u00a1T&#8217;animem a participar en un dels projectes guanyadors! Pots fer-ho a trav\u00e9s d&#8217;aquest formulariformulari, pots triar fins a dos i segons la disponibilitat es far\u00e0 l&#8217;assignaci\u00f3 final. M\u00e9s a [&hellip;]<\/p>\n","protected":false},"author":3,"featured_media":0,"parent":0,"menu_order":0,"comment_status":"closed","ping_status":"closed","template":"","meta":{"site-sidebar-layout":"no-sidebar","site-content-layout":"page-builder","ast-site-content-layout":"default","site-content-style":"default","site-sidebar-style":"default","ast-global-header-display":"","ast-banner-title-visibility":"","ast-main-header-display":"","ast-hfb-above-header-display":"","ast-hfb-below-header-display":"","ast-hfb-mobile-header-display":"","site-post-title":"disabled","ast-breadcrumbs-content":"","ast-featured-img":"disabled","footer-sml-layout":"","theme-transparent-header-meta":"","adv-header-id-meta":"","stick-header-meta":"","header-above-stick-meta":"","header-main-stick-meta":"","header-below-stick-meta":"","astra-migrate-meta-layouts":"default","ast-page-background-enabled":"default","ast-page-background-meta":{"desktop":{"background-color":"var(--ast-global-color-4)","background-image":"","background-repeat":"repeat","background-position":"center center","background-size":"auto","background-attachment":"scroll","background-type":"","background-media":"","overlay-type":"","overlay-color":"","overlay-opacity":"","overlay-gradient":""},"tablet":{"background-color":"","background-image":"","background-repeat":"repeat","background-position":"center center","background-size":"auto","background-attachment":"scroll","background-type":"","background-media":"","overlay-type":"","overlay-color":"","overlay-opacity":"","overlay-gradient":""},"mobile":{"background-color":"","background-image":"","background-repeat":"repeat","background-position":"center center","background-size":"auto","background-attachment":"scroll","background-type":"","background-media":"","overlay-type":"","overlay-color":"","overlay-opacity":"","overlay-gradient":""}},"ast-content-background-meta":{"desktop":{"background-color":"var(--ast-global-color-5)","background-image":"","background-repeat":"repeat","background-position":"center center","background-size":"auto","background-attachment":"scroll","background-type":"","background-media":"","overlay-type":"","overlay-color":"","overlay-opacity":"","overlay-gradient":""},"tablet":{"background-color":"var(--ast-global-color-5)","background-image":"","background-repeat":"repeat","background-position":"center center","background-size":"auto","background-attachment":"scroll","background-type":"","background-media":"","overlay-type":"","overlay-color":"","overlay-opacity":"","overlay-gradient":""},"mobile":{"background-color":"var(--ast-global-color-5)","background-image":"","background-repeat":"repeat","background-position":"center center","background-size":"auto","background-attachment":"scroll","background-type":"","background-media":"","overlay-type":"","overlay-color":"","overlay-opacity":"","overlay-gradient":""}},"footnotes":""},"class_list":["post-4476","page","type-page","status-publish","hentry"],"yoast_head":"<!-- This site is optimized with the Yoast SEO plugin v25.3.1 - https:\/\/yoast.com\/wordpress\/plugins\/seo\/ -->\n<title>Obrim el Cercle * Back to Eco<\/title>\n<meta name=\"robots\" content=\"index, follow, max-snippet:-1, max-image-preview:large, max-video-preview:-1\" \/>\n<link rel=\"canonical\" href=\"https:\/\/www.backtoeco.com\/ca\/obrim-el-cercle-2\/\" \/>\n<meta property=\"og:locale\" content=\"ca_ES\" \/>\n<meta property=\"og:type\" content=\"article\" \/>\n<meta property=\"og:title\" content=\"Obrim el Cercle * Back to Eco\" \/>\n<meta property=\"og:description\" content=\"Obrim &gt;&gt;2a Convocat\u00f2ria oberta el cercle Laboratori d&#8217;experimentaci\u00f3 i creaci\u00f3 col\u00b7laborativa de projectes innovadors entorn de la circularitat t\u00e8xtil Formulari de inscripci\u00f3 per a colaboradorxs aqu\u00ed \u00a1T&#8217;animem a participar en un dels projectes guanyadors! Pots fer-ho a trav\u00e9s d&#8217;aquest formulariformulari, pots triar fins a dos i segons la disponibilitat es far\u00e0 l&#8217;assignaci\u00f3 final. M\u00e9s a [&hellip;]\" \/>\n<meta property=\"og:url\" content=\"https:\/\/www.backtoeco.com\/ca\/obrim-el-cercle-2\/\" \/>\n<meta property=\"og:site_name\" content=\"Back to Eco\" \/>\n<meta property=\"article:publisher\" content=\"https:\/\/www.facebook.com\/Infinitdenim\/\" \/>\n<meta property=\"article:modified_time\" content=\"2024-10-11T06:56:18+00:00\" \/>\n<meta property=\"og:image\" content=\"https:\/\/i0.wp.com\/www.backtoeco.com\/wp-content\/uploads\/2024\/06\/2-1-jpg.webp?fit=540%2C540&amp;ssl=1\" \/>\n<meta name=\"twitter:card\" content=\"summary_large_image\" \/>\n<meta name=\"twitter:label1\" content=\"Temps estimat de lectura\" \/>\n\t<meta name=\"twitter:data1\" content=\"8 minuts\" \/>\n<script type=\"application\/ld+json\" class=\"yoast-schema-graph\">{\"@context\":\"https:\/\/schema.org\",\"@graph\":[{\"@type\":\"WebPage\",\"@id\":\"https:\/\/www.backtoeco.com\/ca\/obrim-el-cercle-2\/\",\"url\":\"https:\/\/www.backtoeco.com\/ca\/obrim-el-cercle-2\/\",\"name\":\"Obrim el Cercle * Back to Eco\",\"isPartOf\":{\"@id\":\"https:\/\/www.backtoeco.com\/#website\"},\"primaryImageOfPage\":{\"@id\":\"https:\/\/www.backtoeco.com\/ca\/obrim-el-cercle-2\/#primaryimage\"},\"image\":{\"@id\":\"https:\/\/www.backtoeco.com\/ca\/obrim-el-cercle-2\/#primaryimage\"},\"thumbnailUrl\":\"https:\/\/i0.wp.com\/www.backtoeco.com\/wp-content\/uploads\/2024\/06\/2-1-jpg.webp?fit=540%2C540&amp;ssl=1\",\"datePublished\":\"2024-09-30T09:13:23+00:00\",\"dateModified\":\"2024-10-11T06:56:18+00:00\",\"breadcrumb\":{\"@id\":\"https:\/\/www.backtoeco.com\/ca\/obrim-el-cercle-2\/#breadcrumb\"},\"inLanguage\":\"ca\",\"potentialAction\":[{\"@type\":\"ReadAction\",\"target\":[\"https:\/\/www.backtoeco.com\/ca\/obrim-el-cercle-2\/\"]}]},{\"@type\":\"ImageObject\",\"inLanguage\":\"ca\",\"@id\":\"https:\/\/www.backtoeco.com\/ca\/obrim-el-cercle-2\/#primaryimage\",\"url\":\"https:\/\/i0.wp.com\/www.backtoeco.com\/wp-content\/uploads\/2024\/06\/2-1-jpg.webp?fit=540%2C540&amp;ssl=1\",\"contentUrl\":\"https:\/\/i0.wp.com\/www.backtoeco.com\/wp-content\/uploads\/2024\/06\/2-1-jpg.webp?fit=540%2C540&amp;ssl=1\"},{\"@type\":\"BreadcrumbList\",\"@id\":\"https:\/\/www.backtoeco.com\/ca\/obrim-el-cercle-2\/#breadcrumb\",\"itemListElement\":[{\"@type\":\"ListItem\",\"position\":1,\"name\":\"Portada\",\"item\":\"https:\/\/www.backtoeco.com\/ca\/\"},{\"@type\":\"ListItem\",\"position\":2,\"name\":\"Obrim el Cercle\"}]},{\"@type\":\"WebSite\",\"@id\":\"https:\/\/www.backtoeco.com\/#website\",\"url\":\"https:\/\/www.backtoeco.com\/\",\"name\":\"Back to Eco\",\"description\":\"Somos referente en la promoci\u00f3n de la circularidad textil a nivel espa\u00f1ol\",\"publisher\":{\"@id\":\"https:\/\/www.backtoeco.com\/#organization\"},\"alternateName\":\"Back to Eco\",\"potentialAction\":[{\"@type\":\"SearchAction\",\"target\":{\"@type\":\"EntryPoint\",\"urlTemplate\":\"https:\/\/www.backtoeco.com\/?s={search_term_string}\"},\"query-input\":{\"@type\":\"PropertyValueSpecification\",\"valueRequired\":true,\"valueName\":\"search_term_string\"}}],\"inLanguage\":\"ca\"},{\"@type\":\"Organization\",\"@id\":\"https:\/\/www.backtoeco.com\/#organization\",\"name\":\"Back to Eco\",\"alternateName\":\"Back to Eco\",\"url\":\"https:\/\/www.backtoeco.com\/\",\"logo\":{\"@type\":\"ImageObject\",\"inLanguage\":\"ca\",\"@id\":\"https:\/\/www.backtoeco.com\/#\/schema\/logo\/image\/\",\"url\":\"https:\/\/www.backtoeco.com\/wp-content\/uploads\/2023\/06\/backToEco-logo.svg\",\"contentUrl\":\"https:\/\/www.backtoeco.com\/wp-content\/uploads\/2023\/06\/backToEco-logo.svg\",\"width\":500,\"height\":440,\"caption\":\"Back to Eco\"},\"image\":{\"@id\":\"https:\/\/www.backtoeco.com\/#\/schema\/logo\/image\/\"},\"sameAs\":[\"https:\/\/www.facebook.com\/Infinitdenim\/\",\"https:\/\/www.instagram.com\/backtoeco\/?hl=es\"]}]}<\/script>\n<!-- \/ Yoast SEO plugin. -->","yoast_head_json":{"title":"Obrim el Cercle * Back to Eco","robots":{"index":"index","follow":"follow","max-snippet":"max-snippet:-1","max-image-preview":"max-image-preview:large","max-video-preview":"max-video-preview:-1"},"canonical":"https:\/\/www.backtoeco.com\/ca\/obrim-el-cercle-2\/","og_locale":"ca_ES","og_type":"article","og_title":"Obrim el Cercle * Back to Eco","og_description":"Obrim &gt;&gt;2a Convocat\u00f2ria oberta el cercle Laboratori d&#8217;experimentaci\u00f3 i creaci\u00f3 col\u00b7laborativa de projectes innovadors entorn de la circularitat t\u00e8xtil Formulari de inscripci\u00f3 per a colaboradorxs aqu\u00ed \u00a1T&#8217;animem a participar en un dels projectes guanyadors! Pots fer-ho a trav\u00e9s d&#8217;aquest formulariformulari, pots triar fins a dos i segons la disponibilitat es far\u00e0 l&#8217;assignaci\u00f3 final. M\u00e9s a [&hellip;]","og_url":"https:\/\/www.backtoeco.com\/ca\/obrim-el-cercle-2\/","og_site_name":"Back to Eco","article_publisher":"https:\/\/www.facebook.com\/Infinitdenim\/","article_modified_time":"2024-10-11T06:56:18+00:00","og_image":[{"url":"https:\/\/i0.wp.com\/www.backtoeco.com\/wp-content\/uploads\/2024\/06\/2-1-jpg.webp?fit=540%2C540&amp;ssl=1","type":"","width":"","height":""}],"twitter_card":"summary_large_image","twitter_misc":{"Temps estimat de lectura":"8 minuts"},"schema":{"@context":"https:\/\/schema.org","@graph":[{"@type":"WebPage","@id":"https:\/\/www.backtoeco.com\/ca\/obrim-el-cercle-2\/","url":"https:\/\/www.backtoeco.com\/ca\/obrim-el-cercle-2\/","name":"Obrim el Cercle * Back to Eco","isPartOf":{"@id":"https:\/\/www.backtoeco.com\/#website"},"primaryImageOfPage":{"@id":"https:\/\/www.backtoeco.com\/ca\/obrim-el-cercle-2\/#primaryimage"},"image":{"@id":"https:\/\/www.backtoeco.com\/ca\/obrim-el-cercle-2\/#primaryimage"},"thumbnailUrl":"https:\/\/i0.wp.com\/www.backtoeco.com\/wp-content\/uploads\/2024\/06\/2-1-jpg.webp?fit=540%2C540&amp;ssl=1","datePublished":"2024-09-30T09:13:23+00:00","dateModified":"2024-10-11T06:56:18+00:00","breadcrumb":{"@id":"https:\/\/www.backtoeco.com\/ca\/obrim-el-cercle-2\/#breadcrumb"},"inLanguage":"ca","potentialAction":[{"@type":"ReadAction","target":["https:\/\/www.backtoeco.com\/ca\/obrim-el-cercle-2\/"]}]},{"@type":"ImageObject","inLanguage":"ca","@id":"https:\/\/www.backtoeco.com\/ca\/obrim-el-cercle-2\/#primaryimage","url":"https:\/\/i0.wp.com\/www.backtoeco.com\/wp-content\/uploads\/2024\/06\/2-1-jpg.webp?fit=540%2C540&amp;ssl=1","contentUrl":"https:\/\/i0.wp.com\/www.backtoeco.com\/wp-content\/uploads\/2024\/06\/2-1-jpg.webp?fit=540%2C540&amp;ssl=1"},{"@type":"BreadcrumbList","@id":"https:\/\/www.backtoeco.com\/ca\/obrim-el-cercle-2\/#breadcrumb","itemListElement":[{"@type":"ListItem","position":1,"name":"Portada","item":"https:\/\/www.backtoeco.com\/ca\/"},{"@type":"ListItem","position":2,"name":"Obrim el Cercle"}]},{"@type":"WebSite","@id":"https:\/\/www.backtoeco.com\/#website","url":"https:\/\/www.backtoeco.com\/","name":"Back to Eco","description":"Somos referente en la promoci\u00f3n de la circularidad textil a nivel espa\u00f1ol","publisher":{"@id":"https:\/\/www.backtoeco.com\/#organization"},"alternateName":"Back to Eco","potentialAction":[{"@type":"SearchAction","target":{"@type":"EntryPoint","urlTemplate":"https:\/\/www.backtoeco.com\/?s={search_term_string}"},"query-input":{"@type":"PropertyValueSpecification","valueRequired":true,"valueName":"search_term_string"}}],"inLanguage":"ca"},{"@type":"Organization","@id":"https:\/\/www.backtoeco.com\/#organization","name":"Back to Eco","alternateName":"Back to Eco","url":"https:\/\/www.backtoeco.com\/","logo":{"@type":"ImageObject","inLanguage":"ca","@id":"https:\/\/www.backtoeco.com\/#\/schema\/logo\/image\/","url":"https:\/\/www.backtoeco.com\/wp-content\/uploads\/2023\/06\/backToEco-logo.svg","contentUrl":"https:\/\/www.backtoeco.com\/wp-content\/uploads\/2023\/06\/backToEco-logo.svg","width":500,"height":440,"caption":"Back to Eco"},"image":{"@id":"https:\/\/www.backtoeco.com\/#\/schema\/logo\/image\/"},"sameAs":["https:\/\/www.facebook.com\/Infinitdenim\/","https:\/\/www.instagram.com\/backtoeco\/?hl=es"]}]}},"jetpack_sharing_enabled":true,"_links":{"self":[{"href":"https:\/\/www.backtoeco.com\/ca\/wp-json\/wp\/v2\/pages\/4476","targetHints":{"allow":["GET"]}}],"collection":[{"href":"https:\/\/www.backtoeco.com\/ca\/wp-json\/wp\/v2\/pages"}],"about":[{"href":"https:\/\/www.backtoeco.com\/ca\/wp-json\/wp\/v2\/types\/page"}],"author":[{"embeddable":true,"href":"https:\/\/www.backtoeco.com\/ca\/wp-json\/wp\/v2\/users\/3"}],"replies":[{"embeddable":true,"href":"https:\/\/www.backtoeco.com\/ca\/wp-json\/wp\/v2\/comments?post=4476"}],"version-history":[{"count":14,"href":"https:\/\/www.backtoeco.com\/ca\/wp-json\/wp\/v2\/pages\/4476\/revisions"}],"predecessor-version":[{"id":4558,"href":"https:\/\/www.backtoeco.com\/ca\/wp-json\/wp\/v2\/pages\/4476\/revisions\/4558"}],"wp:attachment":[{"href":"https:\/\/www.backtoeco.com\/ca\/wp-json\/wp\/v2\/media?parent=4476"}],"curies":[{"name":"wp","href":"https:\/\/api.w.org\/{rel}","templated":true}]}}